{"id":5671,"date":"2023-08-01T07:00:33","date_gmt":"2023-08-01T07:00:33","guid":{"rendered":"https:\/\/tbo.ch\/?post_type=avada_portfolio&#038;p=5671"},"modified":"2024-01-09T13:32:15","modified_gmt":"2024-01-09T13:32:15","slug":"erhoehung-der-mehrwertsteuersaetze-per-1-januar-2024-2","status":"publish","type":"avada_portfolio","link":"https:\/\/tbo.ch\/en\/monatstipp\/erhoehung-der-mehrwertsteuersaetze-per-1-januar-2024-2\/","title":{"rendered":"Erh\u00f6hung der Mehrwertsteuers\u00e4tze per 1.&nbsp;Januar&nbsp;2024&nbsp;(2)"},"content":{"rendered":"<div class=\"fusion-fullwidth fullwidth-box fusion-builder-row-1 fusion-flex-container nonhundred-percent-fullwidth non-hundred-percent-height-scrolling\" style=\"--awb-border-radius-top-left:0px;--awb-border-radius-top-right:0px;--awb-border-radius-bottom-right:0px;--awb-border-radius-bottom-left:0px;--awb-padding-top:0px;--awb-margin-top:0px;--awb-flex-wrap:wrap;\" ><div class=\"fusion-builder-row fusion-row fusion-flex-align-items-flex-start fusion-flex-content-wrap\" style=\"max-width:1310.4px;margin-left: calc(-4% \/ 2 );margin-right: calc(-4% \/ 2 );\"><div class=\"fusion-layout-column fusion_builder_column fusion-builder-column-0 fusion_builder_column_1_1 1_1 fusion-flex-column\" style=\"--awb-padding-top:0px;--awb-bg-size:cover;--awb-width-large:100%;--awb-margin-top-large:0px;--awb-spacing-right-large:1.92%;--awb-margin-bottom-large:0px;--awb-spacing-left-large:1.92%;--awb-width-medium:100%;--awb-order-medium:0;--awb-spacing-right-medium:1.92%;--awb-spacing-left-medium:1.92%;--awb-width-small:100%;--awb-order-small:0;--awb-spacing-right-small:1.92%;--awb-spacing-left-small:1.92%;\"><div class=\"fusion-column-wrapper fusion-column-has-shadow fusion-flex-justify-content-flex-start fusion-content-layout-column\"><div class=\"fusion-text fusion-text-1\" style=\"--awb-text-transform:none;\"><p>Im Monatstipp Juni haben wir bereits auf die Mehrwertsteuersatzerh\u00f6hung hingewiesen. Gerne geben wir Ihnen mit diesem Tipp weitere n\u00fctzliche Informationen.<\/p>\n<p><strong>Vorsteuerabzug:<\/strong><br \/>\nDer Vorsteuerabzug erfolgt gem\u00e4ss den effektiv auf der Rechnung ausgewiesenen Steuers\u00e4tzen.<\/p>\n<\/div><\/div><\/div><div class=\"fusion-layout-column fusion_builder_column fusion-builder-column-1 fusion_builder_column_1_1 1_1 fusion-flex-column\" style=\"--awb-bg-size:cover;--awb-width-large:100%;--awb-margin-top-large:0px;--awb-spacing-right-large:1.92%;--awb-margin-bottom-large:0px;--awb-spacing-left-large:1.92%;--awb-width-medium:100%;--awb-spacing-right-medium:1.92%;--awb-spacing-left-medium:1.92%;--awb-width-small:100%;--awb-spacing-right-small:1.92%;--awb-spacing-left-small:1.92%;\"><div class=\"fusion-column-wrapper fusion-flex-justify-content-flex-start fusion-content-layout-column\"><div class=\"fusion-text fusion-text-2\" style=\"--awb-text-transform:none;\"><p><strong>Saldosteuers\u00e4tze:<\/strong><br \/>\nDiese werden wie folgt erh\u00f6ht:<\/p>\n<\/div>\n<div class=\"table-1\">\n<table width=\"100%\">\n<thead>\n<tr>\n<th align=\"left\">Saldo- und Pauschalsteuers\u00e4tze bis 31. Dezember 2023<\/th>\n<th align=\"left\">Saldo- und Pauschalsteuers\u00e4tze ab 1. Januar 2024<\/th>\n<\/tr>\n<\/thead>\n<tbody>\n<tr>\n<td align=\"left\">0,1%<\/td>\n<td align=\"left\">0,1%<\/td>\n<\/tr>\n<tr>\n<td align=\"left\">0,6%<\/td>\n<td align=\"left\">0,6%<\/td>\n<\/tr>\n<tr>\n<td align=\"left\">1,2%<\/td>\n<td align=\"left\">1,3%<\/td>\n<\/tr>\n<tr>\n<td align=\"left\">2,0%<\/td>\n<td align=\"left\">2,1%<\/td>\n<\/tr>\n<tr>\n<td align=\"left\">2,8%<\/td>\n<td align=\"left\">3,0%<\/td>\n<\/tr>\n<tr>\n<td align=\"left\">3,5%<\/td>\n<td align=\"left\">3,7%<\/td>\n<\/tr>\n<tr>\n<td align=\"left\">4,3%<\/td>\n<td align=\"left\">4,5%<\/td>\n<\/tr>\n<tr>\n<td align=\"left\">5,1%<\/td>\n<td align=\"left\">5,3%<\/td>\n<\/tr>\n<tr>\n<td align=\"left\">5,9%<\/td>\n<td align=\"left\">6,2%<\/td>\n<\/tr>\n<tr>\n<td align=\"left\">6,5%<\/td>\n<td align=\"left\">6,8%<\/td>\n<\/tr>\n<\/tbody>\n<\/table>\n<\/div>\n<div class=\"fusion-separator fusion-full-width-sep\" style=\"align-self: center;margin-left: auto;margin-right: auto;margin-top:40px;width:100%;\"><\/div><div class=\"fusion-text fusion-text-3\" style=\"--awb-text-transform:none;\"><p>Bedingt durch die Anpassung der Saldosteuers\u00e4tze erfahren auch die Limiten f\u00fcr die Anwendung der Saldosteuers\u00e4tze eine \u00c4nderung. Neu kann bis zu einem Umsatz von CHF 5.024 Mio (bisher CHF 5.005 Mio) und einer Steuerzahllast bis max. CHF 108&#8217;000 (bisher CHF 103&#8217;000) mit Saldosteuersatz abgerechnet werden.<\/p>\n<\/div><div class=\"fusion-separator fusion-full-width-sep\" style=\"align-self: center;margin-left: auto;margin-right: auto;margin-top:40px;width:100%;\"><\/div><div class=\"fusion-text fusion-text-4\" style=\"--awb-text-transform:none;\"><p><strong>Vorkehrungen:<\/strong><br \/>\nWir empfehlen Ihnen bereits heute abzukl\u00e4ren, welche Massnahmen f\u00fcr die Umstellung erforderlich sind. Folgende Punkte (nicht abschliessend) gilt es zu beachten:<\/p>\n<\/div><ul style=\"--awb-iconcolor:var(--awb-color7);--awb-line-height:30.6px;--awb-icon-width:30.6px;--awb-icon-height:30.6px;--awb-icon-margin:12.6px;--awb-content-margin:43.2px;\" class=\"fusion-checklist fusion-checklist-1 fusion-checklist-default type-icons\"><li class=\"fusion-li-item\" style=\"\"><span class=\"icon-wrapper circle-no\"><i class=\"fusion-li-icon awb-icon-check\" aria-hidden=\"true\"><\/i><\/span><div class=\"fusion-li-item-content\">\n<p>Gibt es Updates in der Buchhaltungssoftware damit die neuen Formulare abgebildet sind<\/p>\n<\/div><\/li><li class=\"fusion-li-item\" style=\"\"><span class=\"icon-wrapper circle-no\"><i class=\"fusion-li-icon awb-icon-check\" aria-hidden=\"true\"><\/i><\/span><div class=\"fusion-li-item-content\">\n<p>Anpassung Mehrwertsteuercodes in der Buchhaltung (in der Regel werden die Codes auf einer Zeitachse abgebildet)<\/p>\n<\/div><\/li><li class=\"fusion-li-item\" style=\"\"><span class=\"icon-wrapper circle-no\"><i class=\"fusion-li-icon awb-icon-check\" aria-hidden=\"true\"><\/i><\/span><div class=\"fusion-li-item-content\">\n<p>Anpassung Mehrwertsteuercodes im Fakturierungsprogramm (ebenfalls Zeitachse)<\/p>\n<\/div><\/li><li class=\"fusion-li-item\" style=\"\"><span class=\"icon-wrapper circle-no\"><i class=\"fusion-li-icon awb-icon-check\" aria-hidden=\"true\"><\/i><\/span><div class=\"fusion-li-item-content\">\n<p>Umstellung Kassasystem am 31.12.2023 respektive am ersten Arbeitstag im Jahr 2024<\/p>\n<\/div><\/li><li class=\"fusion-li-item\" style=\"\"><span class=\"icon-wrapper circle-no\"><i class=\"fusion-li-icon awb-icon-check\" aria-hidden=\"true\"><\/i><\/span><div class=\"fusion-li-item-content\">\n<p>Umstellung von Bezahlautomaten mit Quittungsdruck<\/p>\n<\/div><\/li><li class=\"fusion-li-item\" style=\"\"><span class=\"icon-wrapper circle-no\"><i class=\"fusion-li-icon awb-icon-check\" aria-hidden=\"true\"><\/i><\/span><div class=\"fusion-li-item-content\">\n<p>Anpassung von Preislisten<\/p>\n<\/div><\/li><li class=\"fusion-li-item\" style=\"\"><span class=\"icon-wrapper circle-no\"><i class=\"fusion-li-icon awb-icon-check\" aria-hidden=\"true\"><\/i><\/span><div class=\"fusion-li-item-content\">\n<p>Werden Periodische Leistungen \u00fcber das Kalenderjahr hinaus verrechnet<\/p>\n<\/div><\/li><li class=\"fusion-li-item\" style=\"\"><span class=\"icon-wrapper circle-no\"><i class=\"fusion-li-icon awb-icon-check\" aria-hidden=\"true\"><\/i><\/span><div class=\"fusion-li-item-content\">\n<p>M\u00fcssen bereits jetzt Rechnungen mit neuen Steuers\u00e4tzen erstellt werden (Rechnungen f\u00fcr Lieferungen oder Leistungen die im Jahr 2024 erfolgen)<\/p>\n<\/div><\/li><\/ul><div class=\"fusion-separator fusion-full-width-sep\" style=\"align-self: center;margin-left: auto;margin-right: auto;margin-top:40px;width:100%;\"><\/div><div ><a class=\"fusion-button button-flat fusion-button-default-size button-default fusion-button-default button-1 fusion-button-default-span fusion-button-default-type\" target=\"_blank\" rel=\"noopener noreferrer\" href=\"https:\/\/tbo.ch\/wp-content\/uploads\/2023\/07\/MWST-Info-19.pdf\"><span class=\"fusion-button-text awb-button__text awb-button__text--default\">Weitere n\u00fctzliche Informationen finden Sie in der MWST-Info 19<\/span><\/a><\/div><div class=\"fusion-separator fusion-full-width-sep\" style=\"align-self: center;margin-left: auto;margin-right: auto;margin-top:40px;width:100%;\"><\/div><div class=\"fusion-text fusion-text-5\" style=\"--awb-text-transform:none;\"><p>F\u00fcr die Beantwortung von Fragen zu diesem Monats-Tipp oder anderen Themen stehen Ihnen unsere Mitarbeitenden gerne zur Verf\u00fcgung.<\/p>\n<\/div><\/div><\/div><\/div><\/div>\n","protected":false},"excerpt":{"rendered":"","protected":false},"author":1,"featured_media":4978,"menu_order":0,"comment_status":"closed","ping_status":"closed","template":"","format":"standard","meta":{"_acf_changed":false,"footnotes":""},"portfolio_category":[31],"portfolio_skills":[],"portfolio_tags":[],"class_list":["post-5671","avada_portfolio","type-avada_portfolio","status-publish","format-standard","has-post-thumbnail","hentry","portfolio_category-monatstipp-en"],"acf":{"Expert":"Michael Schnetzer,  <br\/>Dipl. Treuhandexperte  <br\/>Partner","verlinkung":"https:\/\/tbo.ch\/en\/monatstipp\/erhoehung-der-mehrwertsteuersaetze-per-1-januar-2024-2\/","content":""},"yoast_head":"<!-- This site is optimized with the Yoast SEO plugin v27.4 - https:\/\/yoast.com\/product\/yoast-seo-wordpress\/ -->\n<title>Erh\u00f6hung der Mehrwertsteuers\u00e4tze per 1.&nbsp;Januar&nbsp;2024&nbsp;(2) - TBO | Willkommen bei den Experten f\u00fcr Treuhand und Revision<\/title>\n<meta name=\"robots\" content=\"noindex, follow\" \/>\n<meta property=\"og:locale\" content=\"en_US\" \/>\n<meta property=\"og:type\" content=\"article\" \/>\n<meta property=\"og:title\" content=\"Erh\u00f6hung der Mehrwertsteuers\u00e4tze per 1.&nbsp;Januar&nbsp;2024&nbsp;(2) - TBO | Willkommen bei den Experten f\u00fcr Treuhand und Revision\" \/>\n<meta property=\"og:url\" content=\"https:\/\/tbo.ch\/en\/monatstipp\/erhoehung-der-mehrwertsteuersaetze-per-1-januar-2024-2\/\" \/>\n<meta property=\"og:site_name\" content=\"TBO | Willkommen bei den Experten f\u00fcr Treuhand und Revision\" \/>\n<meta property=\"article:modified_time\" content=\"2024-01-09T13:32:15+00:00\" \/>\n<meta property=\"og:image\" content=\"https:\/\/tbo.ch\/wp-content\/uploads\/2023\/03\/Schnetzer-Michael-1-scaled.jpg\" \/>\n\t<meta property=\"og:image:width\" content=\"2560\" \/>\n\t<meta property=\"og:image:height\" content=\"2560\" \/>\n\t<meta property=\"og:image:type\" content=\"image\/jpeg\" \/>\n<meta name=\"twitter:card\" content=\"summary_large_image\" \/>\n<meta name=\"twitter:label1\" content=\"Est. reading time\" \/>\n\t<meta name=\"twitter:data1\" content=\"5 minutes\" \/>\n<script type=\"application\/ld+json\" class=\"yoast-schema-graph\">{\"@context\":\"https:\\\/\\\/schema.org\",\"@graph\":[{\"@type\":\"WebPage\",\"@id\":\"https:\\\/\\\/tbo.ch\\\/en\\\/monatstipp\\\/erhoehung-der-mehrwertsteuersaetze-per-1-januar-2024-2\\\/\",\"url\":\"https:\\\/\\\/tbo.ch\\\/en\\\/monatstipp\\\/erhoehung-der-mehrwertsteuersaetze-per-1-januar-2024-2\\\/\",\"name\":\"Erh\u00f6hung der Mehrwertsteuers\u00e4tze per 1.&nbsp;Januar&nbsp;2024&nbsp;(2) - TBO | Willkommen bei den Experten f\u00fcr Treuhand und Revision\",\"isPartOf\":{\"@id\":\"https:\\\/\\\/tbo.ch\\\/#website\"},\"primaryImageOfPage\":{\"@id\":\"https:\\\/\\\/tbo.ch\\\/en\\\/monatstipp\\\/erhoehung-der-mehrwertsteuersaetze-per-1-januar-2024-2\\\/#primaryimage\"},\"image\":{\"@id\":\"https:\\\/\\\/tbo.ch\\\/en\\\/monatstipp\\\/erhoehung-der-mehrwertsteuersaetze-per-1-januar-2024-2\\\/#primaryimage\"},\"thumbnailUrl\":\"https:\\\/\\\/tbo.ch\\\/wp-content\\\/uploads\\\/2023\\\/03\\\/Schnetzer-Michael-1-scaled.jpg\",\"datePublished\":\"2023-08-01T07:00:33+00:00\",\"dateModified\":\"2024-01-09T13:32:15+00:00\",\"breadcrumb\":{\"@id\":\"https:\\\/\\\/tbo.ch\\\/en\\\/monatstipp\\\/erhoehung-der-mehrwertsteuersaetze-per-1-januar-2024-2\\\/#breadcrumb\"},\"inLanguage\":\"en-US\",\"potentialAction\":[{\"@type\":\"ReadAction\",\"target\":[\"https:\\\/\\\/tbo.ch\\\/en\\\/monatstipp\\\/erhoehung-der-mehrwertsteuersaetze-per-1-januar-2024-2\\\/\"]}]},{\"@type\":\"ImageObject\",\"inLanguage\":\"en-US\",\"@id\":\"https:\\\/\\\/tbo.ch\\\/en\\\/monatstipp\\\/erhoehung-der-mehrwertsteuersaetze-per-1-januar-2024-2\\\/#primaryimage\",\"url\":\"https:\\\/\\\/tbo.ch\\\/wp-content\\\/uploads\\\/2023\\\/03\\\/Schnetzer-Michael-1-scaled.jpg\",\"contentUrl\":\"https:\\\/\\\/tbo.ch\\\/wp-content\\\/uploads\\\/2023\\\/03\\\/Schnetzer-Michael-1-scaled.jpg\",\"width\":2560,\"height\":2560},{\"@type\":\"BreadcrumbList\",\"@id\":\"https:\\\/\\\/tbo.ch\\\/en\\\/monatstipp\\\/erhoehung-der-mehrwertsteuersaetze-per-1-januar-2024-2\\\/#breadcrumb\",\"itemListElement\":[{\"@type\":\"ListItem\",\"position\":1,\"name\":\"Startseite\",\"item\":\"https:\\\/\\\/tbo.ch\\\/en\\\/\"},{\"@type\":\"ListItem\",\"position\":2,\"name\":\"Monatstipp\",\"item\":\"https:\\\/\\\/tbo.ch\\\/monatstipp\\\/\"},{\"@type\":\"ListItem\",\"position\":3,\"name\":\"Erh\u00f6hung der Mehrwertsteuers\u00e4tze per 1.&nbsp;Januar&nbsp;2024&nbsp;(2)\"}]},{\"@type\":\"WebSite\",\"@id\":\"https:\\\/\\\/tbo.ch\\\/#website\",\"url\":\"https:\\\/\\\/tbo.ch\\\/\",\"name\":\"TBO | Willkommen bei den Experten f\u00fcr Treuhand und Revision\",\"description\":\"Ihr Experte f\u00fcr Treuhand und Revision\",\"potentialAction\":[{\"@type\":\"SearchAction\",\"target\":{\"@type\":\"EntryPoint\",\"urlTemplate\":\"https:\\\/\\\/tbo.ch\\\/?s={search_term_string}\"},\"query-input\":{\"@type\":\"PropertyValueSpecification\",\"valueRequired\":true,\"valueName\":\"search_term_string\"}}],\"inLanguage\":\"en-US\"}]}<\/script>\n<!-- \/ Yoast SEO plugin. -->","yoast_head_json":{"title":"Erh\u00f6hung der Mehrwertsteuers\u00e4tze per 1.&nbsp;Januar&nbsp;2024&nbsp;(2) - TBO | Willkommen bei den Experten f\u00fcr Treuhand und Revision","robots":{"index":"noindex","follow":"follow"},"og_locale":"en_US","og_type":"article","og_title":"Erh\u00f6hung der Mehrwertsteuers\u00e4tze per 1.&nbsp;Januar&nbsp;2024&nbsp;(2) - TBO | Willkommen bei den Experten f\u00fcr Treuhand und Revision","og_url":"https:\/\/tbo.ch\/en\/monatstipp\/erhoehung-der-mehrwertsteuersaetze-per-1-januar-2024-2\/","og_site_name":"TBO | Willkommen bei den Experten f\u00fcr Treuhand und Revision","article_modified_time":"2024-01-09T13:32:15+00:00","og_image":[{"width":2560,"height":2560,"url":"https:\/\/tbo.ch\/wp-content\/uploads\/2023\/03\/Schnetzer-Michael-1-scaled.jpg","type":"image\/jpeg"}],"twitter_card":"summary_large_image","twitter_misc":{"Est. reading time":"5 minutes"},"schema":{"@context":"https:\/\/schema.org","@graph":[{"@type":"WebPage","@id":"https:\/\/tbo.ch\/en\/monatstipp\/erhoehung-der-mehrwertsteuersaetze-per-1-januar-2024-2\/","url":"https:\/\/tbo.ch\/en\/monatstipp\/erhoehung-der-mehrwertsteuersaetze-per-1-januar-2024-2\/","name":"Erh\u00f6hung der Mehrwertsteuers\u00e4tze per 1.&nbsp;Januar&nbsp;2024&nbsp;(2) - TBO | Willkommen bei den Experten f\u00fcr Treuhand und Revision","isPartOf":{"@id":"https:\/\/tbo.ch\/#website"},"primaryImageOfPage":{"@id":"https:\/\/tbo.ch\/en\/monatstipp\/erhoehung-der-mehrwertsteuersaetze-per-1-januar-2024-2\/#primaryimage"},"image":{"@id":"https:\/\/tbo.ch\/en\/monatstipp\/erhoehung-der-mehrwertsteuersaetze-per-1-januar-2024-2\/#primaryimage"},"thumbnailUrl":"https:\/\/tbo.ch\/wp-content\/uploads\/2023\/03\/Schnetzer-Michael-1-scaled.jpg","datePublished":"2023-08-01T07:00:33+00:00","dateModified":"2024-01-09T13:32:15+00:00","breadcrumb":{"@id":"https:\/\/tbo.ch\/en\/monatstipp\/erhoehung-der-mehrwertsteuersaetze-per-1-januar-2024-2\/#breadcrumb"},"inLanguage":"en-US","potentialAction":[{"@type":"ReadAction","target":["https:\/\/tbo.ch\/en\/monatstipp\/erhoehung-der-mehrwertsteuersaetze-per-1-januar-2024-2\/"]}]},{"@type":"ImageObject","inLanguage":"en-US","@id":"https:\/\/tbo.ch\/en\/monatstipp\/erhoehung-der-mehrwertsteuersaetze-per-1-januar-2024-2\/#primaryimage","url":"https:\/\/tbo.ch\/wp-content\/uploads\/2023\/03\/Schnetzer-Michael-1-scaled.jpg","contentUrl":"https:\/\/tbo.ch\/wp-content\/uploads\/2023\/03\/Schnetzer-Michael-1-scaled.jpg","width":2560,"height":2560},{"@type":"BreadcrumbList","@id":"https:\/\/tbo.ch\/en\/monatstipp\/erhoehung-der-mehrwertsteuersaetze-per-1-januar-2024-2\/#breadcrumb","itemListElement":[{"@type":"ListItem","position":1,"name":"Startseite","item":"https:\/\/tbo.ch\/en\/"},{"@type":"ListItem","position":2,"name":"Monatstipp","item":"https:\/\/tbo.ch\/monatstipp\/"},{"@type":"ListItem","position":3,"name":"Erh\u00f6hung der Mehrwertsteuers\u00e4tze per 1.&nbsp;Januar&nbsp;2024&nbsp;(2)"}]},{"@type":"WebSite","@id":"https:\/\/tbo.ch\/#website","url":"https:\/\/tbo.ch\/","name":"TBO | Willkommen bei den Experten f\u00fcr Treuhand und Revision","description":"Ihr Experte f\u00fcr Treuhand und Revision","potentialAction":[{"@type":"SearchAction","target":{"@type":"EntryPoint","urlTemplate":"https:\/\/tbo.ch\/?s={search_term_string}"},"query-input":{"@type":"PropertyValueSpecification","valueRequired":true,"valueName":"search_term_string"}}],"inLanguage":"en-US"}]}},"_links":{"self":[{"href":"https:\/\/tbo.ch\/en\/wp-json\/wp\/v2\/avada_portfolio\/5671","targetHints":{"allow":["GET"]}}],"collection":[{"href":"https:\/\/tbo.ch\/en\/wp-json\/wp\/v2\/avada_portfolio"}],"about":[{"href":"https:\/\/tbo.ch\/en\/wp-json\/wp\/v2\/types\/avada_portfolio"}],"author":[{"embeddable":true,"href":"https:\/\/tbo.ch\/en\/wp-json\/wp\/v2\/users\/1"}],"replies":[{"embeddable":true,"href":"https:\/\/tbo.ch\/en\/wp-json\/wp\/v2\/comments?post=5671"}],"version-history":[{"count":5,"href":"https:\/\/tbo.ch\/en\/wp-json\/wp\/v2\/avada_portfolio\/5671\/revisions"}],"predecessor-version":[{"id":6040,"href":"https:\/\/tbo.ch\/en\/wp-json\/wp\/v2\/avada_portfolio\/5671\/revisions\/6040"}],"wp:featuredmedia":[{"embeddable":true,"href":"https:\/\/tbo.ch\/en\/wp-json\/wp\/v2\/media\/4978"}],"wp:attachment":[{"href":"https:\/\/tbo.ch\/en\/wp-json\/wp\/v2\/media?parent=5671"}],"wp:term":[{"taxonomy":"portfolio_category","embeddable":true,"href":"https:\/\/tbo.ch\/en\/wp-json\/wp\/v2\/portfolio_category?post=5671"},{"taxonomy":"portfolio_skills","embeddable":true,"href":"https:\/\/tbo.ch\/en\/wp-json\/wp\/v2\/portfolio_skills?post=5671"},{"taxonomy":"portfolio_tags","embeddable":true,"href":"https:\/\/tbo.ch\/en\/wp-json\/wp\/v2\/portfolio_tags?post=5671"}],"curies":[{"name":"wp","href":"https:\/\/api.w.org\/{rel}","templated":true}]}}