{"id":5460,"date":"2023-06-12T09:52:04","date_gmt":"2023-06-12T09:52:04","guid":{"rendered":"https:\/\/tbo.ch\/monatstipp\/erhoehung-der-mehrwertsteuersaetze-per-1-januar-2024\/"},"modified":"2024-10-29T15:32:17","modified_gmt":"2024-10-29T15:32:17","slug":"erhoehung-der-mehrwertsteuersaetze-per-1-januar-2024","status":"publish","type":"avada_portfolio","link":"https:\/\/tbo.ch\/en\/monatstipp\/erhoehung-der-mehrwertsteuersaetze-per-1-januar-2024\/","title":{"rendered":"Erh\u00f6hung der Mehrwertsteuers\u00e4tze per 1. Januar 2024"},"content":{"rendered":"<div class=\"fusion-fullwidth fullwidth-box fusion-builder-row-1 fusion-flex-container nonhundred-percent-fullwidth non-hundred-percent-height-scrolling\" style=\"--awb-border-radius-top-left:0px;--awb-border-radius-top-right:0px;--awb-border-radius-bottom-right:0px;--awb-border-radius-bottom-left:0px;--awb-flex-wrap:wrap;\" ><div class=\"fusion-builder-row fusion-row fusion-flex-align-items-flex-start fusion-flex-content-wrap\" style=\"max-width:1310.4px;margin-left: calc(-4% \/ 2 );margin-right: calc(-4% \/ 2 );\"><div class=\"fusion-layout-column fusion_builder_column fusion-builder-column-0 fusion_builder_column_1_1 1_1 fusion-flex-column\" style=\"--awb-bg-size:cover;--awb-width-large:100%;--awb-margin-top-large:0px;--awb-spacing-right-large:1.92%;--awb-margin-bottom-large:0px;--awb-spacing-left-large:1.92%;--awb-width-medium:100%;--awb-spacing-right-medium:1.92%;--awb-spacing-left-medium:1.92%;--awb-width-small:100%;--awb-spacing-right-small:1.92%;--awb-spacing-left-small:1.92%;\"><div class=\"fusion-column-wrapper fusion-flex-justify-content-flex-start fusion-content-layout-column\"><div class=\"fusion-text fusion-text-1\" style=\"--awb-text-transform:none;\"><p>Basierend auf dem Volksentscheid vom 25. September 2022 gelten ab dem 1. Januar 2024 in der Schweiz folgende Mehrwertsteuers\u00e4tze:<\/p>\n<\/div><ul style=\"--awb-iconcolor:var(--awb-color7);--awb-line-height:30.6px;--awb-icon-width:30.6px;--awb-icon-height:30.6px;--awb-icon-margin:12.6px;--awb-content-margin:43.2px;\" class=\"fusion-checklist fusion-checklist-1 fusion-checklist-default type-icons\"><li class=\"fusion-li-item\" style=\"\"><span class=\"icon-wrapper circle-no\"><i class=\"fusion-li-icon awb-icon-check\" aria-hidden=\"true\"><\/i><\/span><div class=\"fusion-li-item-content\">Normalsatz: 8.1% (bisher 7.7%)<\/div><\/li><li class=\"fusion-li-item\" style=\"\"><span class=\"icon-wrapper circle-no\"><i class=\"fusion-li-icon awb-icon-check\" aria-hidden=\"true\"><\/i><\/span><div class=\"fusion-li-item-content\">Reduzierter Satz: 2.6% (bisher 2.5%)<\/div><\/li><li class=\"fusion-li-item\" style=\"\"><span class=\"icon-wrapper circle-no\"><i class=\"fusion-li-icon awb-icon-check\" aria-hidden=\"true\"><\/i><\/span><div class=\"fusion-li-item-content\">Sondersatz f\u00fcr Beherbergung: 3.8% (bisher 3.7%)<\/div><\/li><\/ul><div class=\"fusion-separator fusion-full-width-sep\" style=\"align-self: center;margin-left: auto;margin-right: auto;margin-bottom:40px;width:100%;\"><\/div><div class=\"fusion-text fusion-text-2\" style=\"--awb-text-transform:none;\"><p>Massgebend f\u00fcr den anzuwenden Steuersatz ist der Zeitpunkt der Leistungserbringung. Bis zum 31. Dezember 2023 erbrachte Leistungen unterliegen den bisherigen Steuers\u00e4tzen und Leistungen, welche ab dem 1. Januar 2024 erbracht werden, unterliegen den neuen Steuers\u00e4tzen. Das Rechnungs- und Zahlungsdatum ist nicht relevant.<\/p>\n<p>Werden perioden\u00fcbergreifende Leistungen erbracht (z.B. Abonnemente, Wartungsvertr\u00e4ge etc.), ist das Leistungsentgelt nach Leistungszeitraum vor und nach dem 1. Januar 2024 aufzuteilen und pro Rata mit dem aktuellen und dem neuen Steuersatz abzurechnen.<\/p>\n<p>Die erstmalige Abrechnung der Ums\u00e4tze mit neuen Steuers\u00e4tzen ist ab dem 1. Juli 2023 m\u00f6glich (Das angepasste MWST-Formular steht aber der Periode 3. Quartal 2023 \/ 2. Semester 2023 zur Verf\u00fcgung).<\/p>\n<p>Gerne stehen unsere Spezialisten bei Fragen zur Verf\u00fcgung.<\/p>\n<\/div><\/div><\/div><\/div><\/div>\n","protected":false},"excerpt":{"rendered":"","protected":false},"author":1,"featured_media":4970,"menu_order":0,"comment_status":"open","ping_status":"closed","template":"","format":"standard","meta":{"_acf_changed":false,"footnotes":""},"portfolio_category":[31],"portfolio_skills":[],"portfolio_tags":[],"class_list":["post-5460","avada_portfolio","type-avada_portfolio","status-publish","format-standard","has-post-thumbnail","hentry","portfolio_category-monatstipp-en"],"acf":{"Expert":"Stefan Goldinger, <br\/>dipl. Treuhandexperte <br\/>Partner","verlinkung":"https:\/\/tbo.ch\/monatstipp\/erhoehung-der-mehrwertsteuersaetze-per-1-januar-2024\/","content":"Basierend auf dem Volksentscheid vom 25. September 2022 gelten ab dem 1. Januar 2024 in der Schweiz folgende Mehrwertsteuers\u00e4tze [\u2026]"},"yoast_head":"<!-- This site is optimized with the Yoast SEO plugin v27.4 - https:\/\/yoast.com\/product\/yoast-seo-wordpress\/ -->\n<title>Erh\u00f6hung der Mehrwertsteuers\u00e4tze per 1. Januar 2024 - TBO | Willkommen bei den Experten f\u00fcr Treuhand und Revision<\/title>\n<meta name=\"robots\" content=\"noindex, follow\" \/>\n<meta property=\"og:locale\" content=\"en_US\" \/>\n<meta property=\"og:type\" content=\"article\" \/>\n<meta property=\"og:title\" content=\"Erh\u00f6hung der Mehrwertsteuers\u00e4tze per 1. Januar 2024 - TBO | Willkommen bei den Experten f\u00fcr Treuhand und Revision\" \/>\n<meta property=\"og:url\" content=\"https:\/\/tbo.ch\/en\/monatstipp\/erhoehung-der-mehrwertsteuersaetze-per-1-januar-2024\/\" \/>\n<meta property=\"og:site_name\" content=\"TBO | Willkommen bei den Experten f\u00fcr Treuhand und Revision\" \/>\n<meta property=\"article:modified_time\" content=\"2024-10-29T15:32:17+00:00\" \/>\n<meta property=\"og:image\" content=\"https:\/\/tbo.ch\/wp-content\/uploads\/2023\/03\/Goldinger-Stefan-1-scaled.jpg\" \/>\n\t<meta property=\"og:image:width\" content=\"2560\" \/>\n\t<meta property=\"og:image:height\" content=\"2560\" \/>\n\t<meta property=\"og:image:type\" content=\"image\/jpeg\" \/>\n<meta name=\"twitter:card\" content=\"summary_large_image\" \/>\n<meta name=\"twitter:label1\" content=\"Est. reading time\" \/>\n\t<meta name=\"twitter:data1\" content=\"2 minutes\" \/>\n<script type=\"application\/ld+json\" class=\"yoast-schema-graph\">{\"@context\":\"https:\\\/\\\/schema.org\",\"@graph\":[{\"@type\":\"WebPage\",\"@id\":\"https:\\\/\\\/tbo.ch\\\/en\\\/monatstipp\\\/erhoehung-der-mehrwertsteuersaetze-per-1-januar-2024\\\/\",\"url\":\"https:\\\/\\\/tbo.ch\\\/en\\\/monatstipp\\\/erhoehung-der-mehrwertsteuersaetze-per-1-januar-2024\\\/\",\"name\":\"Erh\u00f6hung der Mehrwertsteuers\u00e4tze per 1. Januar 2024 - TBO | Willkommen bei den Experten f\u00fcr Treuhand und Revision\",\"isPartOf\":{\"@id\":\"https:\\\/\\\/tbo.ch\\\/#website\"},\"primaryImageOfPage\":{\"@id\":\"https:\\\/\\\/tbo.ch\\\/en\\\/monatstipp\\\/erhoehung-der-mehrwertsteuersaetze-per-1-januar-2024\\\/#primaryimage\"},\"image\":{\"@id\":\"https:\\\/\\\/tbo.ch\\\/en\\\/monatstipp\\\/erhoehung-der-mehrwertsteuersaetze-per-1-januar-2024\\\/#primaryimage\"},\"thumbnailUrl\":\"https:\\\/\\\/tbo.ch\\\/wp-content\\\/uploads\\\/2023\\\/03\\\/Goldinger-Stefan-1-scaled.jpg\",\"datePublished\":\"2023-06-12T09:52:04+00:00\",\"dateModified\":\"2024-10-29T15:32:17+00:00\",\"breadcrumb\":{\"@id\":\"https:\\\/\\\/tbo.ch\\\/en\\\/monatstipp\\\/erhoehung-der-mehrwertsteuersaetze-per-1-januar-2024\\\/#breadcrumb\"},\"inLanguage\":\"en-US\",\"potentialAction\":[{\"@type\":\"ReadAction\",\"target\":[\"https:\\\/\\\/tbo.ch\\\/en\\\/monatstipp\\\/erhoehung-der-mehrwertsteuersaetze-per-1-januar-2024\\\/\"]}]},{\"@type\":\"ImageObject\",\"inLanguage\":\"en-US\",\"@id\":\"https:\\\/\\\/tbo.ch\\\/en\\\/monatstipp\\\/erhoehung-der-mehrwertsteuersaetze-per-1-januar-2024\\\/#primaryimage\",\"url\":\"https:\\\/\\\/tbo.ch\\\/wp-content\\\/uploads\\\/2023\\\/03\\\/Goldinger-Stefan-1-scaled.jpg\",\"contentUrl\":\"https:\\\/\\\/tbo.ch\\\/wp-content\\\/uploads\\\/2023\\\/03\\\/Goldinger-Stefan-1-scaled.jpg\",\"width\":2560,\"height\":2560},{\"@type\":\"BreadcrumbList\",\"@id\":\"https:\\\/\\\/tbo.ch\\\/en\\\/monatstipp\\\/erhoehung-der-mehrwertsteuersaetze-per-1-januar-2024\\\/#breadcrumb\",\"itemListElement\":[{\"@type\":\"ListItem\",\"position\":1,\"name\":\"Startseite\",\"item\":\"https:\\\/\\\/tbo.ch\\\/en\\\/\"},{\"@type\":\"ListItem\",\"position\":2,\"name\":\"Monatstipp\",\"item\":\"https:\\\/\\\/tbo.ch\\\/monatstipp\\\/\"},{\"@type\":\"ListItem\",\"position\":3,\"name\":\"Erh\u00f6hung der Mehrwertsteuers\u00e4tze per 1. Januar 2024\"}]},{\"@type\":\"WebSite\",\"@id\":\"https:\\\/\\\/tbo.ch\\\/#website\",\"url\":\"https:\\\/\\\/tbo.ch\\\/\",\"name\":\"TBO | Willkommen bei den Experten f\u00fcr Treuhand und Revision\",\"description\":\"Ihr Experte f\u00fcr Treuhand und Revision\",\"potentialAction\":[{\"@type\":\"SearchAction\",\"target\":{\"@type\":\"EntryPoint\",\"urlTemplate\":\"https:\\\/\\\/tbo.ch\\\/?s={search_term_string}\"},\"query-input\":{\"@type\":\"PropertyValueSpecification\",\"valueRequired\":true,\"valueName\":\"search_term_string\"}}],\"inLanguage\":\"en-US\"}]}<\/script>\n<!-- \/ Yoast SEO plugin. -->","yoast_head_json":{"title":"Erh\u00f6hung der Mehrwertsteuers\u00e4tze per 1. Januar 2024 - TBO | Willkommen bei den Experten f\u00fcr Treuhand und Revision","robots":{"index":"noindex","follow":"follow"},"og_locale":"en_US","og_type":"article","og_title":"Erh\u00f6hung der Mehrwertsteuers\u00e4tze per 1. Januar 2024 - TBO | Willkommen bei den Experten f\u00fcr Treuhand und Revision","og_url":"https:\/\/tbo.ch\/en\/monatstipp\/erhoehung-der-mehrwertsteuersaetze-per-1-januar-2024\/","og_site_name":"TBO | Willkommen bei den Experten f\u00fcr Treuhand und Revision","article_modified_time":"2024-10-29T15:32:17+00:00","og_image":[{"width":2560,"height":2560,"url":"https:\/\/tbo.ch\/wp-content\/uploads\/2023\/03\/Goldinger-Stefan-1-scaled.jpg","type":"image\/jpeg"}],"twitter_card":"summary_large_image","twitter_misc":{"Est. reading time":"2 minutes"},"schema":{"@context":"https:\/\/schema.org","@graph":[{"@type":"WebPage","@id":"https:\/\/tbo.ch\/en\/monatstipp\/erhoehung-der-mehrwertsteuersaetze-per-1-januar-2024\/","url":"https:\/\/tbo.ch\/en\/monatstipp\/erhoehung-der-mehrwertsteuersaetze-per-1-januar-2024\/","name":"Erh\u00f6hung der Mehrwertsteuers\u00e4tze per 1. Januar 2024 - TBO | Willkommen bei den Experten f\u00fcr Treuhand und Revision","isPartOf":{"@id":"https:\/\/tbo.ch\/#website"},"primaryImageOfPage":{"@id":"https:\/\/tbo.ch\/en\/monatstipp\/erhoehung-der-mehrwertsteuersaetze-per-1-januar-2024\/#primaryimage"},"image":{"@id":"https:\/\/tbo.ch\/en\/monatstipp\/erhoehung-der-mehrwertsteuersaetze-per-1-januar-2024\/#primaryimage"},"thumbnailUrl":"https:\/\/tbo.ch\/wp-content\/uploads\/2023\/03\/Goldinger-Stefan-1-scaled.jpg","datePublished":"2023-06-12T09:52:04+00:00","dateModified":"2024-10-29T15:32:17+00:00","breadcrumb":{"@id":"https:\/\/tbo.ch\/en\/monatstipp\/erhoehung-der-mehrwertsteuersaetze-per-1-januar-2024\/#breadcrumb"},"inLanguage":"en-US","potentialAction":[{"@type":"ReadAction","target":["https:\/\/tbo.ch\/en\/monatstipp\/erhoehung-der-mehrwertsteuersaetze-per-1-januar-2024\/"]}]},{"@type":"ImageObject","inLanguage":"en-US","@id":"https:\/\/tbo.ch\/en\/monatstipp\/erhoehung-der-mehrwertsteuersaetze-per-1-januar-2024\/#primaryimage","url":"https:\/\/tbo.ch\/wp-content\/uploads\/2023\/03\/Goldinger-Stefan-1-scaled.jpg","contentUrl":"https:\/\/tbo.ch\/wp-content\/uploads\/2023\/03\/Goldinger-Stefan-1-scaled.jpg","width":2560,"height":2560},{"@type":"BreadcrumbList","@id":"https:\/\/tbo.ch\/en\/monatstipp\/erhoehung-der-mehrwertsteuersaetze-per-1-januar-2024\/#breadcrumb","itemListElement":[{"@type":"ListItem","position":1,"name":"Startseite","item":"https:\/\/tbo.ch\/en\/"},{"@type":"ListItem","position":2,"name":"Monatstipp","item":"https:\/\/tbo.ch\/monatstipp\/"},{"@type":"ListItem","position":3,"name":"Erh\u00f6hung der Mehrwertsteuers\u00e4tze per 1. Januar 2024"}]},{"@type":"WebSite","@id":"https:\/\/tbo.ch\/#website","url":"https:\/\/tbo.ch\/","name":"TBO | Willkommen bei den Experten f\u00fcr Treuhand und Revision","description":"Ihr Experte f\u00fcr Treuhand und Revision","potentialAction":[{"@type":"SearchAction","target":{"@type":"EntryPoint","urlTemplate":"https:\/\/tbo.ch\/?s={search_term_string}"},"query-input":{"@type":"PropertyValueSpecification","valueRequired":true,"valueName":"search_term_string"}}],"inLanguage":"en-US"}]}},"_links":{"self":[{"href":"https:\/\/tbo.ch\/en\/wp-json\/wp\/v2\/avada_portfolio\/5460","targetHints":{"allow":["GET"]}}],"collection":[{"href":"https:\/\/tbo.ch\/en\/wp-json\/wp\/v2\/avada_portfolio"}],"about":[{"href":"https:\/\/tbo.ch\/en\/wp-json\/wp\/v2\/types\/avada_portfolio"}],"author":[{"embeddable":true,"href":"https:\/\/tbo.ch\/en\/wp-json\/wp\/v2\/users\/1"}],"replies":[{"embeddable":true,"href":"https:\/\/tbo.ch\/en\/wp-json\/wp\/v2\/comments?post=5460"}],"version-history":[{"count":2,"href":"https:\/\/tbo.ch\/en\/wp-json\/wp\/v2\/avada_portfolio\/5460\/revisions"}],"predecessor-version":[{"id":6576,"href":"https:\/\/tbo.ch\/en\/wp-json\/wp\/v2\/avada_portfolio\/5460\/revisions\/6576"}],"wp:featuredmedia":[{"embeddable":true,"href":"https:\/\/tbo.ch\/en\/wp-json\/wp\/v2\/media\/4970"}],"wp:attachment":[{"href":"https:\/\/tbo.ch\/en\/wp-json\/wp\/v2\/media?parent=5460"}],"wp:term":[{"taxonomy":"portfolio_category","embeddable":true,"href":"https:\/\/tbo.ch\/en\/wp-json\/wp\/v2\/portfolio_category?post=5460"},{"taxonomy":"portfolio_skills","embeddable":true,"href":"https:\/\/tbo.ch\/en\/wp-json\/wp\/v2\/portfolio_skills?post=5460"},{"taxonomy":"portfolio_tags","embeddable":true,"href":"https:\/\/tbo.ch\/en\/wp-json\/wp\/v2\/portfolio_tags?post=5460"}],"curies":[{"name":"wp","href":"https:\/\/api.w.org\/{rel}","templated":true}]}}