{"id":5217,"date":"2023-05-15T14:25:13","date_gmt":"2023-05-15T14:25:13","guid":{"rendered":"https:\/\/tbo.ch\/monatstipp\/eigenmietwert\/"},"modified":"2024-10-29T15:32:56","modified_gmt":"2024-10-29T15:32:56","slug":"eigenmietwert","status":"publish","type":"avada_portfolio","link":"https:\/\/tbo.ch\/en\/monatstipp\/eigenmietwert\/","title":{"rendered":"Eigenmietwert"},"content":{"rendered":"<div class=\"fusion-fullwidth fullwidth-box fusion-builder-row-1 fusion-flex-container nonhundred-percent-fullwidth non-hundred-percent-height-scrolling\" style=\"--awb-border-radius-top-left:0px;--awb-border-radius-top-right:0px;--awb-border-radius-bottom-right:0px;--awb-border-radius-bottom-left:0px;--awb-flex-wrap:wrap;\" ><div class=\"fusion-builder-row fusion-row fusion-flex-align-items-flex-start fusion-flex-content-wrap\" style=\"max-width:1310.4px;margin-left: calc(-4% \/ 2 );margin-right: calc(-4% \/ 2 );\"><div class=\"fusion-layout-column fusion_builder_column fusion-builder-column-0 fusion_builder_column_1_1 1_1 fusion-flex-column\" style=\"--awb-bg-size:cover;--awb-width-large:100%;--awb-margin-top-large:0px;--awb-spacing-right-large:1.92%;--awb-margin-bottom-large:0px;--awb-spacing-left-large:1.92%;--awb-width-medium:100%;--awb-spacing-right-medium:1.92%;--awb-spacing-left-medium:1.92%;--awb-width-small:100%;--awb-spacing-right-small:1.92%;--awb-spacing-left-small:1.92%;\"><div class=\"fusion-column-wrapper fusion-flex-justify-content-flex-start fusion-content-layout-column\"><div class=\"fusion-text fusion-text-1\" style=\"--awb-text-transform:none;\"><p>Viele Eigenheimbesitzer fragen sich, ob und wann der Eigenmietwert abgeschafft wird. Nach der Notbremse des Nationalrats im September 2022 ist das Gesch\u00e4ft ungewiss. Die Vorlage muss erneut durch die Kommission f\u00fcr Wirtschaft und Abgaben des Nationalrats (WAK-N) \u00fcberarbeitet werden.<\/p>\n<p>Somit bleibt der Eigenmietwert einer Liegenschaft bis auf weiteres steuerbar, und zwar auch dann, wenn ein Eigent\u00fcmer die Liegenschaft nicht tats\u00e4chlich bewohnt, sich aber das Recht hierzu vorbeh\u00e4lt, ohne es auszu\u00fcben; auch in einem solchen Fall hat er die Liegenschaft inne, weil er sie jederzeit beziehen kann. Es gibt nur wenige Ausnahmen:<\/p>\n<\/div><ul style=\"--awb-iconcolor:var(--awb-color7);--awb-line-height:30.6px;--awb-icon-width:30.6px;--awb-icon-height:30.6px;--awb-icon-margin:12.6px;--awb-content-margin:43.2px;\" class=\"fusion-checklist fusion-checklist-1 fusion-checklist-default type-icons\"><li class=\"fusion-li-item\" style=\"\"><span class=\"icon-wrapper circle-no\"><i class=\"fusion-li-icon awb-icon-check\" aria-hidden=\"true\"><\/i><\/span><div class=\"fusion-li-item-content\">Eine Liegenschaft kann aufgrund von objektiven, \u00e4usseren Umst\u00e4nden nicht benutzt werden, z.B. wenn eine Gesamtsanierung die Bewohnbarkeit eines Objekts verunm\u00f6glichst oder ein Ferienhaus (etwa mangels Heizung) bloss w\u00e4hrend eines Teils des Jahres bewohnt werden kann.<\/div><\/li><li class=\"fusion-li-item\" style=\"\"><span class=\"icon-wrapper circle-no\"><i class=\"fusion-li-icon awb-icon-check\" aria-hidden=\"true\"><\/i><\/span><div class=\"fusion-li-item-content\">Ein Objekt steht leer, weil es trotz entsprechender Absicht und ernsthafter Bem\u00fchungen nicht vermietet oder verkauft werden kann. Zum zeitlichen Nachweis eignen sich unter anderem Belege von Verkaufsinseraten, der M\u00e4klervertrag sowie Rechnungen von R\u00e4umungs- und Endreinigungskosten.<\/div><\/li><\/ul><div class=\"fusion-separator fusion-full-width-sep\" style=\"align-self: center;margin-left: auto;margin-right: auto;margin-bottom:40px;width:100%;\"><\/div><div class=\"fusion-text fusion-text-2\" style=\"--awb-text-transform:none;\"><p>Daneben ist regelm\u00e4ssig zu pr\u00fcfen, ob zumindest eine K\u00fcrzung des Eigenmietwerts in Frage kommt:<\/p>\n<\/div><ul style=\"--awb-iconcolor:var(--awb-color7);--awb-line-height:30.6px;--awb-icon-width:30.6px;--awb-icon-height:30.6px;--awb-icon-margin:12.6px;--awb-content-margin:43.2px;\" class=\"fusion-checklist fusion-checklist-2 fusion-checklist-default type-icons\"><li class=\"fusion-li-item\" style=\"\"><span class=\"icon-wrapper circle-no\"><i class=\"fusion-li-icon awb-icon-check\" aria-hidden=\"true\"><\/i><\/span><div class=\"fusion-li-item-content\">Reduktion des Eigenmietwerts in H\u00e4rtef\u00e4llen: Ein Einschlag wird in der Regel gew\u00e4hrt, wenn der nach den Vorschriften der Weisung ermittelte Eigenmietwert h\u00f6her ist als 1\/3 der Eink\u00fcnfte, welche dem Steuerpflichtigen und den zu seinem Haushalt geh\u00f6renden selbst\u00e4ndig steuerpflichtigen Personen (vollj\u00e4hrige Kinder, Konkubinatspartner) zur Deckung der Lebenshaltungskosten zur Verf\u00fcgung stehen.<\/div><\/li><li class=\"fusion-li-item\" style=\"\"><span class=\"icon-wrapper circle-no\"><i class=\"fusion-li-icon awb-icon-check\" aria-hidden=\"true\"><\/i><\/span><div class=\"fusion-li-item-content\">Unternutzungsabzug: Ein angemessener Einschlag ist zu gew\u00e4hren, wenn der Eigent\u00fcmer eines Einfamilienhauses oder von Stockwerkeigentum wegen Verminderung des Wohnbed\u00fcrfnisses seiner Familie (wie Wegzug der Kinder) nur noch einen Teil seines Wohneigentums nutzt. Die Voraussetzungen sind im Detail zu pr\u00fcfen (unterschiedliche Regelungen Bund \/ Kantone).<\/div><\/li><li class=\"fusion-li-item\" style=\"\"><span class=\"icon-wrapper circle-no\"><i class=\"fusion-li-icon awb-icon-check\" aria-hidden=\"true\"><\/i><\/span><div class=\"fusion-li-item-content\">Kein Unternutzungsabzug wird gem\u00e4ss Praxis des Kantons Z\u00fcrich gew\u00e4hrt, wen Fl\u00fcchtlingen unentgeltlich Wohnraum zur Verf\u00fcgung gestellt wird. In diesem Fall kann jedoch der Unterst\u00fctzungsabzug genutzt werden.<\/div><\/li><\/ul><div class=\"fusion-text fusion-text-3\" style=\"--awb-text-transform:none;\"><p>Gerne stehen Ihnen unsere Spezialisten bei Fragen zur Verf\u00fcgung.<\/p>\n<\/div><\/div><\/div><\/div><\/div>\n","protected":false},"excerpt":{"rendered":"","protected":false},"author":1,"featured_media":6541,"menu_order":0,"comment_status":"open","ping_status":"closed","template":"","format":"standard","meta":{"_acf_changed":false,"footnotes":""},"portfolio_category":[],"portfolio_skills":[],"portfolio_tags":[],"class_list":["post-5217","avada_portfolio","type-avada_portfolio","status-publish","format-standard","has-post-thumbnail","hentry"],"acf":{"Expert":"Stefan Giezendanner, <br\/>dipl. Steuerexperte, <br\/>Leiter Steuern","verlinkung":"https:\/\/tbo.ch\/monatstipp\/eigenmietwert\/","content":""},"yoast_head":"<!-- This site is optimized with the Yoast SEO plugin v27.4 - https:\/\/yoast.com\/product\/yoast-seo-wordpress\/ -->\n<title>Eigenmietwert - TBO | Willkommen bei den Experten f\u00fcr Treuhand und Revision<\/title>\n<meta name=\"robots\" content=\"noindex, follow\" \/>\n<meta property=\"og:locale\" content=\"en_US\" \/>\n<meta property=\"og:type\" content=\"article\" \/>\n<meta property=\"og:title\" content=\"Eigenmietwert - TBO | Willkommen bei den Experten f\u00fcr Treuhand und Revision\" \/>\n<meta property=\"og:url\" content=\"https:\/\/tbo.ch\/en\/monatstipp\/eigenmietwert\/\" \/>\n<meta property=\"og:site_name\" content=\"TBO | Willkommen bei den Experten f\u00fcr Treuhand und Revision\" \/>\n<meta property=\"article:modified_time\" content=\"2024-10-29T15:32:56+00:00\" \/>\n<meta property=\"og:image\" content=\"https:\/\/tbo.ch\/wp-content\/uploads\/2024\/10\/Giezendanner-Stefan-scaled.jpg\" \/>\n\t<meta property=\"og:image:width\" content=\"2560\" \/>\n\t<meta property=\"og:image:height\" content=\"2560\" \/>\n\t<meta property=\"og:image:type\" content=\"image\/jpeg\" \/>\n<meta name=\"twitter:card\" content=\"summary_large_image\" \/>\n<meta name=\"twitter:label1\" content=\"Est. reading time\" \/>\n\t<meta name=\"twitter:data1\" content=\"4 minutes\" \/>\n<script type=\"application\/ld+json\" class=\"yoast-schema-graph\">{\"@context\":\"https:\\\/\\\/schema.org\",\"@graph\":[{\"@type\":\"WebPage\",\"@id\":\"https:\\\/\\\/tbo.ch\\\/en\\\/monatstipp\\\/eigenmietwert\\\/\",\"url\":\"https:\\\/\\\/tbo.ch\\\/en\\\/monatstipp\\\/eigenmietwert\\\/\",\"name\":\"Eigenmietwert - TBO | Willkommen bei den Experten f\u00fcr Treuhand und Revision\",\"isPartOf\":{\"@id\":\"https:\\\/\\\/tbo.ch\\\/#website\"},\"primaryImageOfPage\":{\"@id\":\"https:\\\/\\\/tbo.ch\\\/en\\\/monatstipp\\\/eigenmietwert\\\/#primaryimage\"},\"image\":{\"@id\":\"https:\\\/\\\/tbo.ch\\\/en\\\/monatstipp\\\/eigenmietwert\\\/#primaryimage\"},\"thumbnailUrl\":\"https:\\\/\\\/tbo.ch\\\/wp-content\\\/uploads\\\/2024\\\/10\\\/Giezendanner-Stefan-scaled.jpg\",\"datePublished\":\"2023-05-15T14:25:13+00:00\",\"dateModified\":\"2024-10-29T15:32:56+00:00\",\"breadcrumb\":{\"@id\":\"https:\\\/\\\/tbo.ch\\\/en\\\/monatstipp\\\/eigenmietwert\\\/#breadcrumb\"},\"inLanguage\":\"en-US\",\"potentialAction\":[{\"@type\":\"ReadAction\",\"target\":[\"https:\\\/\\\/tbo.ch\\\/en\\\/monatstipp\\\/eigenmietwert\\\/\"]}]},{\"@type\":\"ImageObject\",\"inLanguage\":\"en-US\",\"@id\":\"https:\\\/\\\/tbo.ch\\\/en\\\/monatstipp\\\/eigenmietwert\\\/#primaryimage\",\"url\":\"https:\\\/\\\/tbo.ch\\\/wp-content\\\/uploads\\\/2024\\\/10\\\/Giezendanner-Stefan-scaled.jpg\",\"contentUrl\":\"https:\\\/\\\/tbo.ch\\\/wp-content\\\/uploads\\\/2024\\\/10\\\/Giezendanner-Stefan-scaled.jpg\",\"width\":2560,\"height\":2560},{\"@type\":\"BreadcrumbList\",\"@id\":\"https:\\\/\\\/tbo.ch\\\/en\\\/monatstipp\\\/eigenmietwert\\\/#breadcrumb\",\"itemListElement\":[{\"@type\":\"ListItem\",\"position\":1,\"name\":\"Startseite\",\"item\":\"https:\\\/\\\/tbo.ch\\\/en\\\/\"},{\"@type\":\"ListItem\",\"position\":2,\"name\":\"Monatstipp\",\"item\":\"https:\\\/\\\/tbo.ch\\\/monatstipp\\\/\"},{\"@type\":\"ListItem\",\"position\":3,\"name\":\"Eigenmietwert\"}]},{\"@type\":\"WebSite\",\"@id\":\"https:\\\/\\\/tbo.ch\\\/#website\",\"url\":\"https:\\\/\\\/tbo.ch\\\/\",\"name\":\"TBO | Willkommen bei den Experten f\u00fcr Treuhand und Revision\",\"description\":\"Ihr Experte f\u00fcr Treuhand und Revision\",\"potentialAction\":[{\"@type\":\"SearchAction\",\"target\":{\"@type\":\"EntryPoint\",\"urlTemplate\":\"https:\\\/\\\/tbo.ch\\\/?s={search_term_string}\"},\"query-input\":{\"@type\":\"PropertyValueSpecification\",\"valueRequired\":true,\"valueName\":\"search_term_string\"}}],\"inLanguage\":\"en-US\"}]}<\/script>\n<!-- \/ Yoast SEO plugin. -->","yoast_head_json":{"title":"Eigenmietwert - TBO | Willkommen bei den Experten f\u00fcr Treuhand und Revision","robots":{"index":"noindex","follow":"follow"},"og_locale":"en_US","og_type":"article","og_title":"Eigenmietwert - TBO | Willkommen bei den Experten f\u00fcr Treuhand und Revision","og_url":"https:\/\/tbo.ch\/en\/monatstipp\/eigenmietwert\/","og_site_name":"TBO | Willkommen bei den Experten f\u00fcr Treuhand und Revision","article_modified_time":"2024-10-29T15:32:56+00:00","og_image":[{"width":2560,"height":2560,"url":"https:\/\/tbo.ch\/wp-content\/uploads\/2024\/10\/Giezendanner-Stefan-scaled.jpg","type":"image\/jpeg"}],"twitter_card":"summary_large_image","twitter_misc":{"Est. reading time":"4 minutes"},"schema":{"@context":"https:\/\/schema.org","@graph":[{"@type":"WebPage","@id":"https:\/\/tbo.ch\/en\/monatstipp\/eigenmietwert\/","url":"https:\/\/tbo.ch\/en\/monatstipp\/eigenmietwert\/","name":"Eigenmietwert - TBO | Willkommen bei den Experten f\u00fcr Treuhand und Revision","isPartOf":{"@id":"https:\/\/tbo.ch\/#website"},"primaryImageOfPage":{"@id":"https:\/\/tbo.ch\/en\/monatstipp\/eigenmietwert\/#primaryimage"},"image":{"@id":"https:\/\/tbo.ch\/en\/monatstipp\/eigenmietwert\/#primaryimage"},"thumbnailUrl":"https:\/\/tbo.ch\/wp-content\/uploads\/2024\/10\/Giezendanner-Stefan-scaled.jpg","datePublished":"2023-05-15T14:25:13+00:00","dateModified":"2024-10-29T15:32:56+00:00","breadcrumb":{"@id":"https:\/\/tbo.ch\/en\/monatstipp\/eigenmietwert\/#breadcrumb"},"inLanguage":"en-US","potentialAction":[{"@type":"ReadAction","target":["https:\/\/tbo.ch\/en\/monatstipp\/eigenmietwert\/"]}]},{"@type":"ImageObject","inLanguage":"en-US","@id":"https:\/\/tbo.ch\/en\/monatstipp\/eigenmietwert\/#primaryimage","url":"https:\/\/tbo.ch\/wp-content\/uploads\/2024\/10\/Giezendanner-Stefan-scaled.jpg","contentUrl":"https:\/\/tbo.ch\/wp-content\/uploads\/2024\/10\/Giezendanner-Stefan-scaled.jpg","width":2560,"height":2560},{"@type":"BreadcrumbList","@id":"https:\/\/tbo.ch\/en\/monatstipp\/eigenmietwert\/#breadcrumb","itemListElement":[{"@type":"ListItem","position":1,"name":"Startseite","item":"https:\/\/tbo.ch\/en\/"},{"@type":"ListItem","position":2,"name":"Monatstipp","item":"https:\/\/tbo.ch\/monatstipp\/"},{"@type":"ListItem","position":3,"name":"Eigenmietwert"}]},{"@type":"WebSite","@id":"https:\/\/tbo.ch\/#website","url":"https:\/\/tbo.ch\/","name":"TBO | Willkommen bei den Experten f\u00fcr Treuhand und Revision","description":"Ihr Experte f\u00fcr Treuhand und Revision","potentialAction":[{"@type":"SearchAction","target":{"@type":"EntryPoint","urlTemplate":"https:\/\/tbo.ch\/?s={search_term_string}"},"query-input":{"@type":"PropertyValueSpecification","valueRequired":true,"valueName":"search_term_string"}}],"inLanguage":"en-US"}]}},"_links":{"self":[{"href":"https:\/\/tbo.ch\/en\/wp-json\/wp\/v2\/avada_portfolio\/5217","targetHints":{"allow":["GET"]}}],"collection":[{"href":"https:\/\/tbo.ch\/en\/wp-json\/wp\/v2\/avada_portfolio"}],"about":[{"href":"https:\/\/tbo.ch\/en\/wp-json\/wp\/v2\/types\/avada_portfolio"}],"author":[{"embeddable":true,"href":"https:\/\/tbo.ch\/en\/wp-json\/wp\/v2\/users\/1"}],"replies":[{"embeddable":true,"href":"https:\/\/tbo.ch\/en\/wp-json\/wp\/v2\/comments?post=5217"}],"version-history":[{"count":7,"href":"https:\/\/tbo.ch\/en\/wp-json\/wp\/v2\/avada_portfolio\/5217\/revisions"}],"predecessor-version":[{"id":6579,"href":"https:\/\/tbo.ch\/en\/wp-json\/wp\/v2\/avada_portfolio\/5217\/revisions\/6579"}],"wp:featuredmedia":[{"embeddable":true,"href":"https:\/\/tbo.ch\/en\/wp-json\/wp\/v2\/media\/6541"}],"wp:attachment":[{"href":"https:\/\/tbo.ch\/en\/wp-json\/wp\/v2\/media?parent=5217"}],"wp:term":[{"taxonomy":"portfolio_category","embeddable":true,"href":"https:\/\/tbo.ch\/en\/wp-json\/wp\/v2\/portfolio_category?post=5217"},{"taxonomy":"portfolio_skills","embeddable":true,"href":"https:\/\/tbo.ch\/en\/wp-json\/wp\/v2\/portfolio_skills?post=5217"},{"taxonomy":"portfolio_tags","embeddable":true,"href":"https:\/\/tbo.ch\/en\/wp-json\/wp\/v2\/portfolio_tags?post=5217"}],"curies":[{"name":"wp","href":"https:\/\/api.w.org\/{rel}","templated":true}]}}