{"id":4718,"date":"2020-09-13T13:48:29","date_gmt":"2020-09-13T13:48:29","guid":{"rendered":"https:\/\/tbo.ch\/monatstipp\/aenderungen-betreffend-die-nachtraegliche-ordentliche-veranlagung-von-quellenbesteuerten-arbeitnehmern\/"},"modified":"2023-03-29T11:52:23","modified_gmt":"2023-03-29T11:52:23","slug":"aenderungen-betreffend-die-nachtraegliche-ordentliche-veranlagung-von-quellenbesteuerten-arbeitnehmern","status":"publish","type":"avada_portfolio","link":"https:\/\/tbo.ch\/en\/monatstipp\/aenderungen-betreffend-die-nachtraegliche-ordentliche-veranlagung-von-quellenbesteuerten-arbeitnehmern\/","title":{"rendered":"\u00c4nderungen betreffend die nachtr\u00e4gliche ordentliche Veranlagung von quellenbesteuerten Arbeitnehmern"},"content":{"rendered":"<div class=\"fusion-fullwidth fullwidth-box fusion-builder-row-1 fusion-flex-container nonhundred-percent-fullwidth non-hundred-percent-height-scrolling\" style=\"--awb-border-radius-top-left:0px;--awb-border-radius-top-right:0px;--awb-border-radius-bottom-right:0px;--awb-border-radius-bottom-left:0px;--awb-flex-wrap:wrap;\" ><div class=\"fusion-builder-row fusion-row fusion-flex-align-items-flex-start fusion-flex-content-wrap\" style=\"max-width:1310.4px;margin-left: calc(-4% \/ 2 );margin-right: calc(-4% \/ 2 );\"><div class=\"fusion-layout-column fusion_builder_column fusion-builder-column-0 fusion_builder_column_1_1 1_1 fusion-flex-column\" style=\"--awb-bg-size:cover;--awb-width-large:100%;--awb-margin-top-large:0px;--awb-spacing-right-large:1.92%;--awb-margin-bottom-large:0px;--awb-spacing-left-large:1.92%;--awb-width-medium:100%;--awb-spacing-right-medium:1.92%;--awb-spacing-left-medium:1.92%;--awb-width-small:100%;--awb-spacing-right-small:1.92%;--awb-spacing-left-small:1.92%;\"><div class=\"fusion-column-wrapper fusion-flex-justify-content-flex-start fusion-content-layout-column\"><div class=\"fusion-text fusion-text-1\" style=\"--awb-text-transform:none;\"><p>Mit Inkrafttreten des Bundesgesetzes \u00fcber die Revision der Quellenbesteuerung auf Erwerbseinkommen per 1.1.2021 \u00e4ndern auch die Regeln, wann bei Quellenbesteuerten eine ordentliche Veranlagung erfolgt bzw. erfolgen kann. Wir empfehlen den Arbeitgebern, die quellenbesteuerten Mitarbeiter auf diese Ver\u00e4nderungen aufmerksam zu machen.<\/p>\n<p>Die neuen Regeln sind kurz zusammengefasst die folgenden:<\/p>\n<\/div><ul style=\"--awb-iconcolor:var(--awb-color7);--awb-line-height:30.6px;--awb-icon-width:30.6px;--awb-icon-height:30.6px;--awb-icon-margin:12.6px;--awb-content-margin:43.2px;\" class=\"fusion-checklist fusion-checklist-1 fusion-checklist-default type-icons\"><li class=\"fusion-li-item\" style=\"\"><span class=\"icon-wrapper circle-no\"><i class=\"fusion-li-icon fa-angle-right fas\" aria-hidden=\"true\"><\/i><\/span><div class=\"fusion-li-item-content\">F\u00fcr Ans\u00e4ssige mit Bruttoeink\u00fcnften aus unselbst\u00e4ndiger Erwerbst\u00e4tigkeit von mindestens CHF 120\u2018000 findet unver\u00e4ndert von Amtes wegen eine nachtr\u00e4gliche ordentliche Veranlagung statt.<\/div><\/li><li class=\"fusion-li-item\" style=\"\"><span class=\"icon-wrapper circle-no\"><i class=\"fusion-li-icon fa-angle-right fas\" aria-hidden=\"true\"><\/i><\/span><div class=\"fusion-li-item-content\">Erreicht das Bruttoeinkommen die besagte Schwelle nicht, so kann die steuerpflichtige Person an Stelle der bisherigen Tarifkorrektur (Geltendmachung zus\u00e4tzlicher Abz\u00fcge wie Berufskosten, Schuldzinsen, Einzahlungen S\u00e4ule 3a, Einkauf 2. S\u00e4ule etc.) einen Antrag auf eine nachtr\u00e4gliche ordentliche Veranlagung stellen. Es muss vorab gepr\u00fcft werden, ob die Quellenbesteuerung oder die ordentliche Veranlagung vorteilhaft ist. Diese M\u00f6glichkeit besteht bis am 31. M\u00e4rz des Folgejahres. Wer einen Antrag auf ordentliche Veranlagung gestellt hat, wird auch zuk\u00fcnftig entsprechend veranlagt.<\/div><\/li><li class=\"fusion-li-item\" style=\"\"><span class=\"icon-wrapper circle-no\"><i class=\"fusion-li-icon fa-angle-right fas\" aria-hidden=\"true\"><\/i><\/span><div class=\"fusion-li-item-content\">Weitere nicht quellenbesteuerte Eink\u00fcnfte (z.B. aus selbst\u00e4ndigen Erwerbst\u00e4tigkeiten, Liegenschaften oder Wertschriften) m\u00fcssen bis Ende M\u00e4rz des Folgejahres gemeldet werden (bisher: erg\u00e4nzende Veranlagung). Es erfolgt ebenfalls die nachtr\u00e4gliche ordentliche Besteuerung (Einreichung einer vollst\u00e4ndigen Steuererkl\u00e4rung).<\/div><\/li><li class=\"fusion-li-item\" style=\"\"><span class=\"icon-wrapper circle-no\"><i class=\"fusion-li-icon fa-angle-right fas\" aria-hidden=\"true\"><\/i><\/span><div class=\"fusion-li-item-content\">Quasi-Ans\u00e4ssige (Nicht-Ans\u00e4ssige, welche mindestens 90 % ihrer weltweiten Eink\u00fcnfte in der Schweiz zu versteuern haben) k\u00f6nnen bis am 31. M\u00e4rz des auf das Steuerjahr folgenden Jahres eine nachtr\u00e4gliche ordentliche Veranlagung beantragen. Den kantonalen Steuerbeh\u00f6rden sind dabei diejenigen Dokumente zuzustellen, welche zur Pr\u00fcfung einer Quasi-Ans\u00e4ssigkeit ben\u00f6tigt werden. Der Quasi-Ans\u00e4ssige hat einen Vertreter in der Schweiz zu bestellen. Er kann j\u00e4hrlich pr\u00fcfen, ob er eine ordentliche Veranlagung beantragen will oder nicht.<\/div><\/li><li class=\"fusion-li-item\" style=\"\"><span class=\"icon-wrapper circle-no\"><i class=\"fusion-li-icon fa-angle-right fas\" aria-hidden=\"true\"><\/i><\/span><div class=\"fusion-li-item-content\">Nicht-Ans\u00e4ssige Personen, welche die Voraussetzungen f\u00fcr die Quasi-Ans\u00e4ssigkeit nicht erf\u00fcllen, d.h. weniger als 90 % der Eink\u00fcnfte in der Schweiz erzielen, unterliegen auch fortan der der Quellenbesteuerung.<\/div><\/li><\/ul><div class=\"fusion-separator fusion-full-width-sep\" style=\"align-self: center;margin-left: auto;margin-right: auto;margin-bottom:30px;width:100%;\"><\/div><div class=\"fusion-text fusion-text-2\" style=\"--awb-text-transform:none;\"><p>F\u00fcr R\u00fcckfragen stehen Ihnen unsere Spezialisten gerne zur Verf\u00fcgung.<\/p>\n<\/div><\/div><\/div><\/div><\/div>\n","protected":false},"excerpt":{"rendered":"","protected":false},"author":1,"featured_media":0,"menu_order":0,"comment_status":"open","ping_status":"closed","template":"","format":"standard","meta":{"_acf_changed":false,"footnotes":""},"portfolio_category":[31],"portfolio_skills":[],"portfolio_tags":[],"class_list":["post-4718","avada_portfolio","type-avada_portfolio","status-publish","format-standard","hentry","portfolio_category-monatstipp-en"],"acf":{"Expert":"von Stefan Giezendanner, <br\/>dipl. Steuerexperte, <br\/>Leiter Steuern","verlinkung":"https:\/\/tbo.ch\/monatstipp\/URL-Titelformaenderungen-betreffend-die-nachtraegliche-ordentliche-veranlagung-von-quellenbesteuerten-arbeitnehmern\/","content":""},"yoast_head":"<!-- This site is optimized with the Yoast SEO plugin v27.4 - https:\/\/yoast.com\/product\/yoast-seo-wordpress\/ -->\n<title>\u00c4nderungen betreffend die nachtr\u00e4gliche ordentliche Veranlagung von quellenbesteuerten Arbeitnehmern - TBO | Willkommen bei den Experten f\u00fcr Treuhand und Revision<\/title>\n<meta name=\"robots\" content=\"noindex, follow\" \/>\n<meta property=\"og:locale\" content=\"en_US\" \/>\n<meta property=\"og:type\" content=\"article\" \/>\n<meta property=\"og:title\" content=\"\u00c4nderungen betreffend die nachtr\u00e4gliche ordentliche Veranlagung von quellenbesteuerten Arbeitnehmern - TBO | Willkommen bei den Experten f\u00fcr Treuhand und Revision\" \/>\n<meta property=\"og:url\" content=\"https:\/\/tbo.ch\/en\/monatstipp\/aenderungen-betreffend-die-nachtraegliche-ordentliche-veranlagung-von-quellenbesteuerten-arbeitnehmern\/\" \/>\n<meta property=\"og:site_name\" content=\"TBO | Willkommen bei den Experten f\u00fcr Treuhand und Revision\" \/>\n<meta property=\"article:modified_time\" content=\"2023-03-29T11:52:23+00:00\" \/>\n<meta property=\"og:image\" content=\"https:\/\/tbo.ch\/wp-content\/uploads\/2023\/03\/Giezendanner-Stefan-scaled.jpg\" \/>\n\t<meta property=\"og:image:width\" content=\"2560\" \/>\n\t<meta property=\"og:image:height\" content=\"2560\" \/>\n\t<meta property=\"og:image:type\" content=\"image\/jpeg\" \/>\n<meta name=\"twitter:card\" content=\"summary_large_image\" \/>\n<meta name=\"twitter:label1\" content=\"Est. reading time\" \/>\n\t<meta name=\"twitter:data1\" content=\"3 minutes\" \/>\n<script type=\"application\/ld+json\" class=\"yoast-schema-graph\">{\"@context\":\"https:\\\/\\\/schema.org\",\"@graph\":[{\"@type\":\"WebPage\",\"@id\":\"https:\\\/\\\/tbo.ch\\\/en\\\/monatstipp\\\/aenderungen-betreffend-die-nachtraegliche-ordentliche-veranlagung-von-quellenbesteuerten-arbeitnehmern\\\/\",\"url\":\"https:\\\/\\\/tbo.ch\\\/en\\\/monatstipp\\\/aenderungen-betreffend-die-nachtraegliche-ordentliche-veranlagung-von-quellenbesteuerten-arbeitnehmern\\\/\",\"name\":\"\u00c4nderungen betreffend die nachtr\u00e4gliche ordentliche Veranlagung von quellenbesteuerten Arbeitnehmern - TBO | Willkommen bei den Experten f\u00fcr Treuhand und Revision\",\"isPartOf\":{\"@id\":\"https:\\\/\\\/tbo.ch\\\/#website\"},\"datePublished\":\"2020-09-13T13:48:29+00:00\",\"dateModified\":\"2023-03-29T11:52:23+00:00\",\"breadcrumb\":{\"@id\":\"https:\\\/\\\/tbo.ch\\\/en\\\/monatstipp\\\/aenderungen-betreffend-die-nachtraegliche-ordentliche-veranlagung-von-quellenbesteuerten-arbeitnehmern\\\/#breadcrumb\"},\"inLanguage\":\"en-US\",\"potentialAction\":[{\"@type\":\"ReadAction\",\"target\":[\"https:\\\/\\\/tbo.ch\\\/en\\\/monatstipp\\\/aenderungen-betreffend-die-nachtraegliche-ordentliche-veranlagung-von-quellenbesteuerten-arbeitnehmern\\\/\"]}]},{\"@type\":\"BreadcrumbList\",\"@id\":\"https:\\\/\\\/tbo.ch\\\/en\\\/monatstipp\\\/aenderungen-betreffend-die-nachtraegliche-ordentliche-veranlagung-von-quellenbesteuerten-arbeitnehmern\\\/#breadcrumb\",\"itemListElement\":[{\"@type\":\"ListItem\",\"position\":1,\"name\":\"Startseite\",\"item\":\"https:\\\/\\\/tbo.ch\\\/en\\\/\"},{\"@type\":\"ListItem\",\"position\":2,\"name\":\"Monatstipp\",\"item\":\"https:\\\/\\\/tbo.ch\\\/monatstipp\\\/\"},{\"@type\":\"ListItem\",\"position\":3,\"name\":\"\u00c4nderungen betreffend die nachtr\u00e4gliche ordentliche Veranlagung von quellenbesteuerten Arbeitnehmern\"}]},{\"@type\":\"WebSite\",\"@id\":\"https:\\\/\\\/tbo.ch\\\/#website\",\"url\":\"https:\\\/\\\/tbo.ch\\\/\",\"name\":\"TBO | Willkommen bei den Experten f\u00fcr Treuhand und Revision\",\"description\":\"Ihr Experte f\u00fcr Treuhand und Revision\",\"potentialAction\":[{\"@type\":\"SearchAction\",\"target\":{\"@type\":\"EntryPoint\",\"urlTemplate\":\"https:\\\/\\\/tbo.ch\\\/?s={search_term_string}\"},\"query-input\":{\"@type\":\"PropertyValueSpecification\",\"valueRequired\":true,\"valueName\":\"search_term_string\"}}],\"inLanguage\":\"en-US\"}]}<\/script>\n<!-- \/ Yoast SEO plugin. -->","yoast_head_json":{"title":"\u00c4nderungen betreffend die nachtr\u00e4gliche ordentliche Veranlagung von quellenbesteuerten Arbeitnehmern - TBO | Willkommen bei den Experten f\u00fcr Treuhand und Revision","robots":{"index":"noindex","follow":"follow"},"og_locale":"en_US","og_type":"article","og_title":"\u00c4nderungen betreffend die nachtr\u00e4gliche ordentliche Veranlagung von quellenbesteuerten Arbeitnehmern - TBO | Willkommen bei den Experten f\u00fcr Treuhand und Revision","og_url":"https:\/\/tbo.ch\/en\/monatstipp\/aenderungen-betreffend-die-nachtraegliche-ordentliche-veranlagung-von-quellenbesteuerten-arbeitnehmern\/","og_site_name":"TBO | Willkommen bei den Experten f\u00fcr Treuhand und Revision","article_modified_time":"2023-03-29T11:52:23+00:00","og_image":[{"width":2560,"height":2560,"url":"https:\/\/tbo.ch\/wp-content\/uploads\/2023\/03\/Giezendanner-Stefan-scaled.jpg","type":"image\/jpeg"}],"twitter_card":"summary_large_image","twitter_misc":{"Est. reading time":"3 minutes"},"schema":{"@context":"https:\/\/schema.org","@graph":[{"@type":"WebPage","@id":"https:\/\/tbo.ch\/en\/monatstipp\/aenderungen-betreffend-die-nachtraegliche-ordentliche-veranlagung-von-quellenbesteuerten-arbeitnehmern\/","url":"https:\/\/tbo.ch\/en\/monatstipp\/aenderungen-betreffend-die-nachtraegliche-ordentliche-veranlagung-von-quellenbesteuerten-arbeitnehmern\/","name":"\u00c4nderungen betreffend die nachtr\u00e4gliche ordentliche Veranlagung von quellenbesteuerten Arbeitnehmern - TBO | Willkommen bei den Experten f\u00fcr Treuhand und Revision","isPartOf":{"@id":"https:\/\/tbo.ch\/#website"},"datePublished":"2020-09-13T13:48:29+00:00","dateModified":"2023-03-29T11:52:23+00:00","breadcrumb":{"@id":"https:\/\/tbo.ch\/en\/monatstipp\/aenderungen-betreffend-die-nachtraegliche-ordentliche-veranlagung-von-quellenbesteuerten-arbeitnehmern\/#breadcrumb"},"inLanguage":"en-US","potentialAction":[{"@type":"ReadAction","target":["https:\/\/tbo.ch\/en\/monatstipp\/aenderungen-betreffend-die-nachtraegliche-ordentliche-veranlagung-von-quellenbesteuerten-arbeitnehmern\/"]}]},{"@type":"BreadcrumbList","@id":"https:\/\/tbo.ch\/en\/monatstipp\/aenderungen-betreffend-die-nachtraegliche-ordentliche-veranlagung-von-quellenbesteuerten-arbeitnehmern\/#breadcrumb","itemListElement":[{"@type":"ListItem","position":1,"name":"Startseite","item":"https:\/\/tbo.ch\/en\/"},{"@type":"ListItem","position":2,"name":"Monatstipp","item":"https:\/\/tbo.ch\/monatstipp\/"},{"@type":"ListItem","position":3,"name":"\u00c4nderungen betreffend die nachtr\u00e4gliche ordentliche Veranlagung von quellenbesteuerten Arbeitnehmern"}]},{"@type":"WebSite","@id":"https:\/\/tbo.ch\/#website","url":"https:\/\/tbo.ch\/","name":"TBO | Willkommen bei den Experten f\u00fcr Treuhand und Revision","description":"Ihr Experte f\u00fcr Treuhand und Revision","potentialAction":[{"@type":"SearchAction","target":{"@type":"EntryPoint","urlTemplate":"https:\/\/tbo.ch\/?s={search_term_string}"},"query-input":{"@type":"PropertyValueSpecification","valueRequired":true,"valueName":"search_term_string"}}],"inLanguage":"en-US"}]}},"_links":{"self":[{"href":"https:\/\/tbo.ch\/en\/wp-json\/wp\/v2\/avada_portfolio\/4718","targetHints":{"allow":["GET"]}}],"collection":[{"href":"https:\/\/tbo.ch\/en\/wp-json\/wp\/v2\/avada_portfolio"}],"about":[{"href":"https:\/\/tbo.ch\/en\/wp-json\/wp\/v2\/types\/avada_portfolio"}],"author":[{"embeddable":true,"href":"https:\/\/tbo.ch\/en\/wp-json\/wp\/v2\/users\/1"}],"replies":[{"embeddable":true,"href":"https:\/\/tbo.ch\/en\/wp-json\/wp\/v2\/comments?post=4718"}],"version-history":[{"count":2,"href":"https:\/\/tbo.ch\/en\/wp-json\/wp\/v2\/avada_portfolio\/4718\/revisions"}],"predecessor-version":[{"id":5149,"href":"https:\/\/tbo.ch\/en\/wp-json\/wp\/v2\/avada_portfolio\/4718\/revisions\/5149"}],"wp:attachment":[{"href":"https:\/\/tbo.ch\/en\/wp-json\/wp\/v2\/media?parent=4718"}],"wp:term":[{"taxonomy":"portfolio_category","embeddable":true,"href":"https:\/\/tbo.ch\/en\/wp-json\/wp\/v2\/portfolio_category?post=4718"},{"taxonomy":"portfolio_skills","embeddable":true,"href":"https:\/\/tbo.ch\/en\/wp-json\/wp\/v2\/portfolio_skills?post=4718"},{"taxonomy":"portfolio_tags","embeddable":true,"href":"https:\/\/tbo.ch\/en\/wp-json\/wp\/v2\/portfolio_tags?post=4718"}],"curies":[{"name":"wp","href":"https:\/\/api.w.org\/{rel}","templated":true}]}}