{"id":4714,"date":"2020-11-13T13:42:48","date_gmt":"2020-11-13T13:42:48","guid":{"rendered":"https:\/\/tbo.ch\/monatstipp\/vaterschaftsurlaub-ab-01-01-2021\/"},"modified":"2024-10-30T10:04:00","modified_gmt":"2024-10-30T10:04:00","slug":"vaterschaftsurlaub-ab-01-01-2021","status":"publish","type":"avada_portfolio","link":"https:\/\/tbo.ch\/en\/monatstipp\/vaterschaftsurlaub-ab-01-01-2021\/","title":{"rendered":"Vaterschaftsurlaub ab 01.01.2021"},"content":{"rendered":"<div class=\"fusion-fullwidth fullwidth-box fusion-builder-row-1 fusion-flex-container nonhundred-percent-fullwidth non-hundred-percent-height-scrolling\" style=\"--awb-border-radius-top-left:0px;--awb-border-radius-top-right:0px;--awb-border-radius-bottom-right:0px;--awb-border-radius-bottom-left:0px;--awb-flex-wrap:wrap;\" ><div class=\"fusion-builder-row fusion-row fusion-flex-align-items-flex-start fusion-flex-content-wrap\" style=\"max-width:1310.4px;margin-left: calc(-4% \/ 2 );margin-right: calc(-4% \/ 2 );\"><div class=\"fusion-layout-column fusion_builder_column fusion-builder-column-0 fusion_builder_column_1_1 1_1 fusion-flex-column\" style=\"--awb-bg-size:cover;--awb-width-large:100%;--awb-margin-top-large:0px;--awb-spacing-right-large:1.92%;--awb-margin-bottom-large:0px;--awb-spacing-left-large:1.92%;--awb-width-medium:100%;--awb-spacing-right-medium:1.92%;--awb-spacing-left-medium:1.92%;--awb-width-small:100%;--awb-spacing-right-small:1.92%;--awb-spacing-left-small:1.92%;\"><div class=\"fusion-column-wrapper fusion-flex-justify-content-flex-start fusion-content-layout-column\"><div class=\"fusion-text fusion-text-1\" style=\"--awb-text-transform:none;\"><p>Anl\u00e4sslich der Volksabstimmung vom 27. September 2020 wurde der zweiw\u00f6chige Vaterschaftsurlaub mit einer Mehrheit von 60,3 % angenommen.<\/p>\n<p>Der Vaterschaftsurlaub und damit die \u00c4nderung des Erwerbsersatzgesetztes (EO) tritt am 1. Januar 2020 in Kraft.<\/p>\n<p>Was ist ab 1. Januar 2021 in Sachen Vaterschaftsurlaub gut zu wissen:<\/p>\n<\/div><div class=\"fusion-separator fusion-full-width-sep\" style=\"align-self: center;margin-left: auto;margin-right: auto;margin-bottom:30px;width:100%;\"><\/div><div class=\"fusion-text fusion-text-2\" style=\"--awb-text-transform:none;\"><p>F\u00fcr die Beantwortung von Fragen zu diesem Monats-Tipp oder anderen Themen stehen Ihnen unsere Fachspezialisten und Ansprechpartner jederzeit gerne zur Verf\u00fcgung.<\/p>\n<\/div><ul style=\"--awb-iconcolor:var(--awb-color7);--awb-line-height:30.6px;--awb-icon-width:30.6px;--awb-icon-height:30.6px;--awb-icon-margin:12.6px;--awb-content-margin:43.2px;\" class=\"fusion-checklist fusion-checklist-1 fusion-checklist-default type-icons\"><li class=\"fusion-li-item\" style=\"\"><span class=\"icon-wrapper circle-no\"><i class=\"fusion-li-icon fa-angle-right fas\" aria-hidden=\"true\"><\/i><\/span><div class=\"fusion-li-item-content\">Der Anspruch beginnt mit der Geburt eines Kindes, welches nach dem 31. Dezember 2020 geboren wird.<\/div><\/li><li class=\"fusion-li-item\" style=\"\"><span class=\"icon-wrapper circle-no\"><i class=\"fusion-li-icon fa-angle-right fas\" aria-hidden=\"true\"><\/i><\/span><div class=\"fusion-li-item-content\">Der Vaterschaftsurlaub von zwei Wochen resp. 10 Arbeitstagen kann innerhalb sechs Monaten nach der Geburt flexibel (am St\u00fcck oder verteilt auf einzelne Tage) bezogen werden.<\/div><\/li><li class=\"fusion-li-item\" style=\"\"><span class=\"icon-wrapper circle-no\"><i class=\"fusion-li-icon fa-angle-right fas\" aria-hidden=\"true\"><\/i><\/span><div class=\"fusion-li-item-content\">Anspruchsberechtigt ist, wer zum Zeitpunkt der Geburt erwerbsf\u00e4hig ist und in den neun Monaten vor der Geburt in der AHV obligatorisch versichert war.<\/div><\/li><li class=\"fusion-li-item\" style=\"\"><span class=\"icon-wrapper circle-no\"><i class=\"fusion-li-icon fa-angle-right fas\" aria-hidden=\"true\"><\/i><\/span><div class=\"fusion-li-item-content\">Die Abrechnung erfolgt \u00fcber die Ausgleichskasse, die am letzten bezogenen Tag des Vaterschaftsurlaubs f\u00fcr den Beitragsbezug zust\u00e4ndig war.<\/div><\/li><li class=\"fusion-li-item\" style=\"\"><span class=\"icon-wrapper circle-no\"><i class=\"fusion-li-icon fa-angle-right fas\" aria-hidden=\"true\"><\/i><\/span><div class=\"fusion-li-item-content\">Die Entsch\u00e4digung betr\u00e4gt 80 % des durchschnittlichen Bruttoeinkommens vor der Geburt, h\u00f6chstens jedoch CHF 196 pro Tag.<\/div><\/li><li class=\"fusion-li-item\" style=\"\"><span class=\"icon-wrapper circle-no\"><i class=\"fusion-li-icon fa-angle-right fas\" aria-hidden=\"true\"><\/i><\/span><div class=\"fusion-li-item-content\">Der EO Beitragssatz erh\u00f6ht sich ab dem 1. Januar 2021 von 0,45 auf 0,5 %.<\/div><\/li><\/ul><\/div><\/div><\/div><\/div>\n","protected":false},"excerpt":{"rendered":"","protected":false},"author":1,"featured_media":4363,"menu_order":0,"comment_status":"open","ping_status":"closed","template":"","format":"standard","meta":{"_acf_changed":false,"footnotes":""},"portfolio_category":[31],"portfolio_skills":[],"portfolio_tags":[],"class_list":["post-4714","avada_portfolio","type-avada_portfolio","status-publish","format-standard","has-post-thumbnail","hentry","portfolio_category-monatstipp-en"],"acf":{"Expert":"Erica Simeon, <br\/>Treuh\u00e4nderin","verlinkung":"https:\/\/tbo.ch\/monatstipp\/vaterschaftsurlaub-ab-01-01-2021\/","content":""},"yoast_head":"<!-- This site is optimized with the Yoast SEO plugin v27.4 - https:\/\/yoast.com\/product\/yoast-seo-wordpress\/ -->\n<title>Vaterschaftsurlaub ab 01.01.2021 - TBO | Willkommen bei den Experten f\u00fcr Treuhand und Revision<\/title>\n<meta name=\"robots\" content=\"noindex, follow\" \/>\n<meta property=\"og:locale\" content=\"en_US\" \/>\n<meta property=\"og:type\" content=\"article\" \/>\n<meta property=\"og:title\" content=\"Vaterschaftsurlaub ab 01.01.2021 - TBO | Willkommen bei den Experten f\u00fcr Treuhand und Revision\" \/>\n<meta property=\"og:url\" content=\"https:\/\/tbo.ch\/en\/monatstipp\/vaterschaftsurlaub-ab-01-01-2021\/\" \/>\n<meta property=\"og:site_name\" content=\"TBO | Willkommen bei den Experten f\u00fcr Treuhand und Revision\" \/>\n<meta property=\"article:modified_time\" content=\"2024-10-30T10:04:00+00:00\" \/>\n<meta property=\"og:image\" content=\"https:\/\/tbo.ch\/wp-content\/uploads\/2023\/03\/Simeon-Erica-scaled.jpg\" \/>\n\t<meta property=\"og:image:width\" content=\"2560\" \/>\n\t<meta property=\"og:image:height\" content=\"2560\" \/>\n\t<meta property=\"og:image:type\" content=\"image\/jpeg\" \/>\n<meta name=\"twitter:card\" content=\"summary_large_image\" \/>\n<meta name=\"twitter:label1\" content=\"Est. reading time\" \/>\n\t<meta name=\"twitter:data1\" content=\"2 minutes\" \/>\n<script type=\"application\/ld+json\" class=\"yoast-schema-graph\">{\"@context\":\"https:\\\/\\\/schema.org\",\"@graph\":[{\"@type\":\"WebPage\",\"@id\":\"https:\\\/\\\/tbo.ch\\\/en\\\/monatstipp\\\/vaterschaftsurlaub-ab-01-01-2021\\\/\",\"url\":\"https:\\\/\\\/tbo.ch\\\/en\\\/monatstipp\\\/vaterschaftsurlaub-ab-01-01-2021\\\/\",\"name\":\"Vaterschaftsurlaub ab 01.01.2021 - TBO | Willkommen bei den Experten f\u00fcr Treuhand und Revision\",\"isPartOf\":{\"@id\":\"https:\\\/\\\/tbo.ch\\\/#website\"},\"primaryImageOfPage\":{\"@id\":\"https:\\\/\\\/tbo.ch\\\/en\\\/monatstipp\\\/vaterschaftsurlaub-ab-01-01-2021\\\/#primaryimage\"},\"image\":{\"@id\":\"https:\\\/\\\/tbo.ch\\\/en\\\/monatstipp\\\/vaterschaftsurlaub-ab-01-01-2021\\\/#primaryimage\"},\"thumbnailUrl\":\"https:\\\/\\\/tbo.ch\\\/wp-content\\\/uploads\\\/2023\\\/03\\\/Simeon-Erica-scaled.jpg\",\"datePublished\":\"2020-11-13T13:42:48+00:00\",\"dateModified\":\"2024-10-30T10:04:00+00:00\",\"breadcrumb\":{\"@id\":\"https:\\\/\\\/tbo.ch\\\/en\\\/monatstipp\\\/vaterschaftsurlaub-ab-01-01-2021\\\/#breadcrumb\"},\"inLanguage\":\"en-US\",\"potentialAction\":[{\"@type\":\"ReadAction\",\"target\":[\"https:\\\/\\\/tbo.ch\\\/en\\\/monatstipp\\\/vaterschaftsurlaub-ab-01-01-2021\\\/\"]}]},{\"@type\":\"ImageObject\",\"inLanguage\":\"en-US\",\"@id\":\"https:\\\/\\\/tbo.ch\\\/en\\\/monatstipp\\\/vaterschaftsurlaub-ab-01-01-2021\\\/#primaryimage\",\"url\":\"https:\\\/\\\/tbo.ch\\\/wp-content\\\/uploads\\\/2023\\\/03\\\/Simeon-Erica-scaled.jpg\",\"contentUrl\":\"https:\\\/\\\/tbo.ch\\\/wp-content\\\/uploads\\\/2023\\\/03\\\/Simeon-Erica-scaled.jpg\",\"width\":2560,\"height\":2560},{\"@type\":\"BreadcrumbList\",\"@id\":\"https:\\\/\\\/tbo.ch\\\/en\\\/monatstipp\\\/vaterschaftsurlaub-ab-01-01-2021\\\/#breadcrumb\",\"itemListElement\":[{\"@type\":\"ListItem\",\"position\":1,\"name\":\"Startseite\",\"item\":\"https:\\\/\\\/tbo.ch\\\/en\\\/\"},{\"@type\":\"ListItem\",\"position\":2,\"name\":\"Monatstipp\",\"item\":\"https:\\\/\\\/tbo.ch\\\/monatstipp\\\/\"},{\"@type\":\"ListItem\",\"position\":3,\"name\":\"Vaterschaftsurlaub ab 01.01.2021\"}]},{\"@type\":\"WebSite\",\"@id\":\"https:\\\/\\\/tbo.ch\\\/#website\",\"url\":\"https:\\\/\\\/tbo.ch\\\/\",\"name\":\"TBO | Willkommen bei den Experten f\u00fcr Treuhand und Revision\",\"description\":\"Ihr Experte f\u00fcr Treuhand und Revision\",\"potentialAction\":[{\"@type\":\"SearchAction\",\"target\":{\"@type\":\"EntryPoint\",\"urlTemplate\":\"https:\\\/\\\/tbo.ch\\\/?s={search_term_string}\"},\"query-input\":{\"@type\":\"PropertyValueSpecification\",\"valueRequired\":true,\"valueName\":\"search_term_string\"}}],\"inLanguage\":\"en-US\"}]}<\/script>\n<!-- \/ Yoast SEO plugin. -->","yoast_head_json":{"title":"Vaterschaftsurlaub ab 01.01.2021 - TBO | Willkommen bei den Experten f\u00fcr Treuhand und Revision","robots":{"index":"noindex","follow":"follow"},"og_locale":"en_US","og_type":"article","og_title":"Vaterschaftsurlaub ab 01.01.2021 - TBO | Willkommen bei den Experten f\u00fcr Treuhand und Revision","og_url":"https:\/\/tbo.ch\/en\/monatstipp\/vaterschaftsurlaub-ab-01-01-2021\/","og_site_name":"TBO | Willkommen bei den Experten f\u00fcr Treuhand und Revision","article_modified_time":"2024-10-30T10:04:00+00:00","og_image":[{"width":2560,"height":2560,"url":"https:\/\/tbo.ch\/wp-content\/uploads\/2023\/03\/Simeon-Erica-scaled.jpg","type":"image\/jpeg"}],"twitter_card":"summary_large_image","twitter_misc":{"Est. reading time":"2 minutes"},"schema":{"@context":"https:\/\/schema.org","@graph":[{"@type":"WebPage","@id":"https:\/\/tbo.ch\/en\/monatstipp\/vaterschaftsurlaub-ab-01-01-2021\/","url":"https:\/\/tbo.ch\/en\/monatstipp\/vaterschaftsurlaub-ab-01-01-2021\/","name":"Vaterschaftsurlaub ab 01.01.2021 - TBO | Willkommen bei den Experten f\u00fcr Treuhand und Revision","isPartOf":{"@id":"https:\/\/tbo.ch\/#website"},"primaryImageOfPage":{"@id":"https:\/\/tbo.ch\/en\/monatstipp\/vaterschaftsurlaub-ab-01-01-2021\/#primaryimage"},"image":{"@id":"https:\/\/tbo.ch\/en\/monatstipp\/vaterschaftsurlaub-ab-01-01-2021\/#primaryimage"},"thumbnailUrl":"https:\/\/tbo.ch\/wp-content\/uploads\/2023\/03\/Simeon-Erica-scaled.jpg","datePublished":"2020-11-13T13:42:48+00:00","dateModified":"2024-10-30T10:04:00+00:00","breadcrumb":{"@id":"https:\/\/tbo.ch\/en\/monatstipp\/vaterschaftsurlaub-ab-01-01-2021\/#breadcrumb"},"inLanguage":"en-US","potentialAction":[{"@type":"ReadAction","target":["https:\/\/tbo.ch\/en\/monatstipp\/vaterschaftsurlaub-ab-01-01-2021\/"]}]},{"@type":"ImageObject","inLanguage":"en-US","@id":"https:\/\/tbo.ch\/en\/monatstipp\/vaterschaftsurlaub-ab-01-01-2021\/#primaryimage","url":"https:\/\/tbo.ch\/wp-content\/uploads\/2023\/03\/Simeon-Erica-scaled.jpg","contentUrl":"https:\/\/tbo.ch\/wp-content\/uploads\/2023\/03\/Simeon-Erica-scaled.jpg","width":2560,"height":2560},{"@type":"BreadcrumbList","@id":"https:\/\/tbo.ch\/en\/monatstipp\/vaterschaftsurlaub-ab-01-01-2021\/#breadcrumb","itemListElement":[{"@type":"ListItem","position":1,"name":"Startseite","item":"https:\/\/tbo.ch\/en\/"},{"@type":"ListItem","position":2,"name":"Monatstipp","item":"https:\/\/tbo.ch\/monatstipp\/"},{"@type":"ListItem","position":3,"name":"Vaterschaftsurlaub ab 01.01.2021"}]},{"@type":"WebSite","@id":"https:\/\/tbo.ch\/#website","url":"https:\/\/tbo.ch\/","name":"TBO | Willkommen bei den Experten f\u00fcr Treuhand und Revision","description":"Ihr Experte f\u00fcr Treuhand und Revision","potentialAction":[{"@type":"SearchAction","target":{"@type":"EntryPoint","urlTemplate":"https:\/\/tbo.ch\/?s={search_term_string}"},"query-input":{"@type":"PropertyValueSpecification","valueRequired":true,"valueName":"search_term_string"}}],"inLanguage":"en-US"}]}},"_links":{"self":[{"href":"https:\/\/tbo.ch\/en\/wp-json\/wp\/v2\/avada_portfolio\/4714","targetHints":{"allow":["GET"]}}],"collection":[{"href":"https:\/\/tbo.ch\/en\/wp-json\/wp\/v2\/avada_portfolio"}],"about":[{"href":"https:\/\/tbo.ch\/en\/wp-json\/wp\/v2\/types\/avada_portfolio"}],"author":[{"embeddable":true,"href":"https:\/\/tbo.ch\/en\/wp-json\/wp\/v2\/users\/1"}],"replies":[{"embeddable":true,"href":"https:\/\/tbo.ch\/en\/wp-json\/wp\/v2\/comments?post=4714"}],"version-history":[{"count":3,"href":"https:\/\/tbo.ch\/en\/wp-json\/wp\/v2\/avada_portfolio\/4714\/revisions"}],"predecessor-version":[{"id":6638,"href":"https:\/\/tbo.ch\/en\/wp-json\/wp\/v2\/avada_portfolio\/4714\/revisions\/6638"}],"wp:featuredmedia":[{"embeddable":true,"href":"https:\/\/tbo.ch\/en\/wp-json\/wp\/v2\/media\/4363"}],"wp:attachment":[{"href":"https:\/\/tbo.ch\/en\/wp-json\/wp\/v2\/media?parent=4714"}],"wp:term":[{"taxonomy":"portfolio_category","embeddable":true,"href":"https:\/\/tbo.ch\/en\/wp-json\/wp\/v2\/portfolio_category?post=4714"},{"taxonomy":"portfolio_skills","embeddable":true,"href":"https:\/\/tbo.ch\/en\/wp-json\/wp\/v2\/portfolio_skills?post=4714"},{"taxonomy":"portfolio_tags","embeddable":true,"href":"https:\/\/tbo.ch\/en\/wp-json\/wp\/v2\/portfolio_tags?post=4714"}],"curies":[{"name":"wp","href":"https:\/\/api.w.org\/{rel}","templated":true}]}}