{"id":3864,"date":"2022-10-03T07:21:12","date_gmt":"2022-10-03T07:21:12","guid":{"rendered":"https:\/\/tbo.ch\/monatstipp\/ahv-was-aendert-sich\/"},"modified":"2024-10-29T15:37:08","modified_gmt":"2024-10-29T15:37:08","slug":"ahv-was-aendert-sich","status":"publish","type":"avada_portfolio","link":"https:\/\/tbo.ch\/en\/monatstipp\/ahv-was-aendert-sich\/","title":{"rendered":"AHV \u2013 was \u00e4ndert sich?"},"content":{"rendered":"<div class=\"fusion-fullwidth fullwidth-box fusion-builder-row-1 fusion-flex-container nonhundred-percent-fullwidth non-hundred-percent-height-scrolling\" style=\"--awb-border-radius-top-left:0px;--awb-border-radius-top-right:0px;--awb-border-radius-bottom-right:0px;--awb-border-radius-bottom-left:0px;--awb-flex-wrap:wrap;\" ><div class=\"fusion-builder-row fusion-row fusion-flex-align-items-flex-start fusion-flex-content-wrap\" style=\"max-width:1310.4px;margin-left: calc(-4% \/ 2 );margin-right: calc(-4% \/ 2 );\"><div class=\"fusion-layout-column fusion_builder_column fusion-builder-column-0 fusion_builder_column_1_1 1_1 fusion-flex-column\" style=\"--awb-bg-size:cover;--awb-width-large:100%;--awb-margin-top-large:0px;--awb-spacing-right-large:1.92%;--awb-margin-bottom-large:0px;--awb-spacing-left-large:1.92%;--awb-width-medium:100%;--awb-spacing-right-medium:1.92%;--awb-spacing-left-medium:1.92%;--awb-width-small:100%;--awb-spacing-right-small:1.92%;--awb-spacing-left-small:1.92%;\"><div class=\"fusion-column-wrapper fusion-flex-justify-content-flex-start fusion-content-layout-column\"><div class=\"fusion-text fusion-text-1\" style=\"--awb-text-transform:none;\"><p>Auf Grund der AHV-Abstimmung vom 25. September 2022 m\u00f6chten wir Ihnen in K\u00fcrze die wesentlichen \u00c4nderungen, welche voraussichtlich ab dem 1. Januar 2024 in Kraft treten, mitteilen:<\/p>\n<ul>\n<li>Das Rentenalter wird f\u00fcr M\u00e4nner und Frauen auf 65 Jahre vereinheitlich und tritt voraussichtlich ab 2028 in Kraft. F\u00fcr die \u00dcbergangsgenerationen 1961 bis 1969 gibt es Ausgleichsmassnahmen.<\/li>\n<li>Der flexible Rentenbezug ist zwischen 63 und 70 Jahren m\u00f6glich. Bei einem Vorbezug gibt es eine K\u00fcrzung von 6,8 % pro Jahr und beim Aufschub eine Erh\u00f6hung von 5,2 % bei einem Jahr von bis zu 31,5 % bei f\u00fcnf Jahren.<\/li>\n<li>Zudem gibt es Anreize zur Weiterf\u00fchrung der Erwerbst\u00e4tigkeit nach dem 65 Altersjahr; zum einen k\u00f6nnen allf\u00e4llige Beitragsl\u00fccken geschlossen werden und die Beitr\u00e4ge nach dem 65 Altersjahr werden zur Berechnung der AHV-Rente mitber\u00fccksichtigt.<\/li>\n<\/ul>\n<p>Gerne unterst\u00fctzen wir Sie bei Ihrer pers\u00f6nlichen Vorsorgeplanung. Unsere Fachspezialisten und Ansprechpartner stehen Ihnen jederzeit gerne zur Verf\u00fcgung.<\/p>\n<\/div><\/div><\/div><\/div><\/div>\n","protected":false},"excerpt":{"rendered":"<p>Auf Grund der AHV-Abstimmung vom 25. September 2022 m\u00f6chten wir Ihnen in K\u00fcrze die wesentlichen \u00c4nderungen, welche voraussichtlich ab dem 1. Januar 2024 in Kraft treten, mitteilen:<\/p>\n<p>Das Rentenalter wird f\u00fcr M\u00e4nner und Frauen auf 65 Jahre vereinheitlich und tritt voraussichtlich ab 2028 in Kraft. F\u00fcr die \u00dcbergangsgenerationen 1961 bis 1969 gibt es Ausgleichsmassnahmen.<br \/>\nDer flexible Rentenbezug ist zwischen 63 und 70 Jahren m\u00f6glich. Bei einem Vorbezug gibt es eine K\u00fcrzung von 6,8 % pro Jahr und beim Aufschub eine Erh\u00f6hung von 5,2 % bei einem Jahr von bis zu 31,5 % bei f\u00fcnf Jahren.<br \/>\nZudem gibt es Anreize zur Weiterf\u00fchrung der Erwerbst\u00e4tigkeit nach dem 65 Altersjahr; zum einen k\u00f6nnen allf\u00e4llige Beitragsl\u00fccken geschlossen werden und die Beitr\u00e4ge nach dem 65 Altersjahr werden zur Berechnung der AHV-Rente mitber\u00fccksichtigt.<br \/>\nGerne unterst\u00fctzen wir Sie bei Ihrer pers\u00f6nlichen Vorsorgeplanung. Unsere Fachspezialisten und Ansprechpartner stehen Ihnen jederzeit gerne zur Verf\u00fcgung.<\/p>\n","protected":false},"author":1,"featured_media":5336,"menu_order":0,"comment_status":"open","ping_status":"closed","template":"","format":"standard","meta":{"_acf_changed":false,"footnotes":""},"portfolio_category":[31],"portfolio_skills":[],"portfolio_tags":[],"class_list":["post-3864","avada_portfolio","type-avada_portfolio","status-publish","format-standard","has-post-thumbnail","hentry","portfolio_category-monatstipp-en"],"acf":{"Expert":"Christoph Lautenschlager, <br\/>Verwaltungsrat <br\/>Partner","verlinkung":"https:\/\/tbo.ch\/monatstipp\/ahv-was-aendert-sich\/","content":""},"yoast_head":"<!-- This site is optimized with the Yoast SEO plugin v27.4 - https:\/\/yoast.com\/product\/yoast-seo-wordpress\/ -->\n<title>AHV \u2013 was \u00e4ndert sich? - TBO | Willkommen bei den Experten f\u00fcr Treuhand und Revision<\/title>\n<meta name=\"robots\" content=\"noindex, follow\" \/>\n<meta property=\"og:locale\" content=\"en_US\" \/>\n<meta property=\"og:type\" content=\"article\" \/>\n<meta property=\"og:title\" content=\"AHV \u2013 was \u00e4ndert sich? - TBO | Willkommen bei den Experten f\u00fcr Treuhand und Revision\" \/>\n<meta property=\"og:description\" content=\"Auf Grund der AHV-Abstimmung vom 25. September 2022 m\u00f6chten wir Ihnen in K\u00fcrze die wesentlichen \u00c4nderungen, welche voraussichtlich ab dem 1. Januar 2024 in Kraft treten, mitteilen:  Das Rentenalter wird f\u00fcr M\u00e4nner und Frauen auf 65 Jahre vereinheitlich und tritt voraussichtlich ab 2028 in Kraft. F\u00fcr die \u00dcbergangsgenerationen 1961 bis 1969 gibt es Ausgleichsmassnahmen. Der flexible Rentenbezug ist zwischen 63 und 70 Jahren m\u00f6glich. Bei einem Vorbezug gibt es eine K\u00fcrzung von 6,8 % pro Jahr und beim Aufschub eine Erh\u00f6hung von 5,2 % bei einem Jahr von bis zu 31,5 % bei f\u00fcnf Jahren. Zudem gibt es Anreize zur Weiterf\u00fchrung der Erwerbst\u00e4tigkeit nach dem 65 Altersjahr; zum einen k\u00f6nnen allf\u00e4llige Beitragsl\u00fccken geschlossen werden und die Beitr\u00e4ge nach dem 65 Altersjahr werden zur Berechnung der AHV-Rente mitber\u00fccksichtigt. Gerne unterst\u00fctzen wir Sie bei Ihrer pers\u00f6nlichen Vorsorgeplanung. Unsere Fachspezialisten und Ansprechpartner stehen Ihnen jederzeit gerne zur Verf\u00fcgung.\" \/>\n<meta property=\"og:url\" content=\"https:\/\/tbo.ch\/en\/monatstipp\/ahv-was-aendert-sich\/\" \/>\n<meta property=\"og:site_name\" content=\"TBO | Willkommen bei den Experten f\u00fcr Treuhand und Revision\" \/>\n<meta property=\"article:modified_time\" content=\"2024-10-29T15:37:08+00:00\" \/>\n<meta property=\"og:image\" content=\"https:\/\/tbo.ch\/wp-content\/uploads\/2023\/05\/Lautenschlager-Christoph-NEU-scaled.jpg\" \/>\n\t<meta property=\"og:image:width\" content=\"2560\" \/>\n\t<meta property=\"og:image:height\" content=\"2560\" \/>\n\t<meta property=\"og:image:type\" content=\"image\/jpeg\" \/>\n<meta name=\"twitter:card\" content=\"summary_large_image\" \/>\n<meta name=\"twitter:label1\" content=\"Est. reading time\" \/>\n\t<meta name=\"twitter:data1\" content=\"2 minutes\" \/>\n<script type=\"application\/ld+json\" class=\"yoast-schema-graph\">{\"@context\":\"https:\\\/\\\/schema.org\",\"@graph\":[{\"@type\":\"WebPage\",\"@id\":\"https:\\\/\\\/tbo.ch\\\/en\\\/monatstipp\\\/ahv-was-aendert-sich\\\/\",\"url\":\"https:\\\/\\\/tbo.ch\\\/en\\\/monatstipp\\\/ahv-was-aendert-sich\\\/\",\"name\":\"AHV \u2013 was \u00e4ndert sich? - TBO | Willkommen bei den Experten f\u00fcr Treuhand und Revision\",\"isPartOf\":{\"@id\":\"https:\\\/\\\/tbo.ch\\\/#website\"},\"primaryImageOfPage\":{\"@id\":\"https:\\\/\\\/tbo.ch\\\/en\\\/monatstipp\\\/ahv-was-aendert-sich\\\/#primaryimage\"},\"image\":{\"@id\":\"https:\\\/\\\/tbo.ch\\\/en\\\/monatstipp\\\/ahv-was-aendert-sich\\\/#primaryimage\"},\"thumbnailUrl\":\"https:\\\/\\\/tbo.ch\\\/wp-content\\\/uploads\\\/2023\\\/05\\\/Lautenschlager-Christoph-NEU-scaled.jpg\",\"datePublished\":\"2022-10-03T07:21:12+00:00\",\"dateModified\":\"2024-10-29T15:37:08+00:00\",\"breadcrumb\":{\"@id\":\"https:\\\/\\\/tbo.ch\\\/en\\\/monatstipp\\\/ahv-was-aendert-sich\\\/#breadcrumb\"},\"inLanguage\":\"en-US\",\"potentialAction\":[{\"@type\":\"ReadAction\",\"target\":[\"https:\\\/\\\/tbo.ch\\\/en\\\/monatstipp\\\/ahv-was-aendert-sich\\\/\"]}]},{\"@type\":\"ImageObject\",\"inLanguage\":\"en-US\",\"@id\":\"https:\\\/\\\/tbo.ch\\\/en\\\/monatstipp\\\/ahv-was-aendert-sich\\\/#primaryimage\",\"url\":\"https:\\\/\\\/tbo.ch\\\/wp-content\\\/uploads\\\/2023\\\/05\\\/Lautenschlager-Christoph-NEU-scaled.jpg\",\"contentUrl\":\"https:\\\/\\\/tbo.ch\\\/wp-content\\\/uploads\\\/2023\\\/05\\\/Lautenschlager-Christoph-NEU-scaled.jpg\",\"width\":2560,\"height\":2560},{\"@type\":\"BreadcrumbList\",\"@id\":\"https:\\\/\\\/tbo.ch\\\/en\\\/monatstipp\\\/ahv-was-aendert-sich\\\/#breadcrumb\",\"itemListElement\":[{\"@type\":\"ListItem\",\"position\":1,\"name\":\"Startseite\",\"item\":\"https:\\\/\\\/tbo.ch\\\/en\\\/\"},{\"@type\":\"ListItem\",\"position\":2,\"name\":\"Monatstipp\",\"item\":\"https:\\\/\\\/tbo.ch\\\/monatstipp\\\/\"},{\"@type\":\"ListItem\",\"position\":3,\"name\":\"AHV \u2013 was \u00e4ndert sich?\"}]},{\"@type\":\"WebSite\",\"@id\":\"https:\\\/\\\/tbo.ch\\\/#website\",\"url\":\"https:\\\/\\\/tbo.ch\\\/\",\"name\":\"TBO | Willkommen bei den Experten f\u00fcr Treuhand und Revision\",\"description\":\"Ihr Experte f\u00fcr Treuhand und Revision\",\"potentialAction\":[{\"@type\":\"SearchAction\",\"target\":{\"@type\":\"EntryPoint\",\"urlTemplate\":\"https:\\\/\\\/tbo.ch\\\/?s={search_term_string}\"},\"query-input\":{\"@type\":\"PropertyValueSpecification\",\"valueRequired\":true,\"valueName\":\"search_term_string\"}}],\"inLanguage\":\"en-US\"}]}<\/script>\n<!-- \/ Yoast SEO plugin. -->","yoast_head_json":{"title":"AHV \u2013 was \u00e4ndert sich? - TBO | Willkommen bei den Experten f\u00fcr Treuhand und Revision","robots":{"index":"noindex","follow":"follow"},"og_locale":"en_US","og_type":"article","og_title":"AHV \u2013 was \u00e4ndert sich? - TBO | Willkommen bei den Experten f\u00fcr Treuhand und Revision","og_description":"Auf Grund der AHV-Abstimmung vom 25. September 2022 m\u00f6chten wir Ihnen in K\u00fcrze die wesentlichen \u00c4nderungen, welche voraussichtlich ab dem 1. Januar 2024 in Kraft treten, mitteilen:  Das Rentenalter wird f\u00fcr M\u00e4nner und Frauen auf 65 Jahre vereinheitlich und tritt voraussichtlich ab 2028 in Kraft. F\u00fcr die \u00dcbergangsgenerationen 1961 bis 1969 gibt es Ausgleichsmassnahmen. Der flexible Rentenbezug ist zwischen 63 und 70 Jahren m\u00f6glich. Bei einem Vorbezug gibt es eine K\u00fcrzung von 6,8 % pro Jahr und beim Aufschub eine Erh\u00f6hung von 5,2 % bei einem Jahr von bis zu 31,5 % bei f\u00fcnf Jahren. Zudem gibt es Anreize zur Weiterf\u00fchrung der Erwerbst\u00e4tigkeit nach dem 65 Altersjahr; zum einen k\u00f6nnen allf\u00e4llige Beitragsl\u00fccken geschlossen werden und die Beitr\u00e4ge nach dem 65 Altersjahr werden zur Berechnung der AHV-Rente mitber\u00fccksichtigt. Gerne unterst\u00fctzen wir Sie bei Ihrer pers\u00f6nlichen Vorsorgeplanung. Unsere Fachspezialisten und Ansprechpartner stehen Ihnen jederzeit gerne zur Verf\u00fcgung.","og_url":"https:\/\/tbo.ch\/en\/monatstipp\/ahv-was-aendert-sich\/","og_site_name":"TBO | Willkommen bei den Experten f\u00fcr Treuhand und Revision","article_modified_time":"2024-10-29T15:37:08+00:00","og_image":[{"width":2560,"height":2560,"url":"https:\/\/tbo.ch\/wp-content\/uploads\/2023\/05\/Lautenschlager-Christoph-NEU-scaled.jpg","type":"image\/jpeg"}],"twitter_card":"summary_large_image","twitter_misc":{"Est. reading time":"2 minutes"},"schema":{"@context":"https:\/\/schema.org","@graph":[{"@type":"WebPage","@id":"https:\/\/tbo.ch\/en\/monatstipp\/ahv-was-aendert-sich\/","url":"https:\/\/tbo.ch\/en\/monatstipp\/ahv-was-aendert-sich\/","name":"AHV \u2013 was \u00e4ndert sich? - TBO | Willkommen bei den Experten f\u00fcr Treuhand und Revision","isPartOf":{"@id":"https:\/\/tbo.ch\/#website"},"primaryImageOfPage":{"@id":"https:\/\/tbo.ch\/en\/monatstipp\/ahv-was-aendert-sich\/#primaryimage"},"image":{"@id":"https:\/\/tbo.ch\/en\/monatstipp\/ahv-was-aendert-sich\/#primaryimage"},"thumbnailUrl":"https:\/\/tbo.ch\/wp-content\/uploads\/2023\/05\/Lautenschlager-Christoph-NEU-scaled.jpg","datePublished":"2022-10-03T07:21:12+00:00","dateModified":"2024-10-29T15:37:08+00:00","breadcrumb":{"@id":"https:\/\/tbo.ch\/en\/monatstipp\/ahv-was-aendert-sich\/#breadcrumb"},"inLanguage":"en-US","potentialAction":[{"@type":"ReadAction","target":["https:\/\/tbo.ch\/en\/monatstipp\/ahv-was-aendert-sich\/"]}]},{"@type":"ImageObject","inLanguage":"en-US","@id":"https:\/\/tbo.ch\/en\/monatstipp\/ahv-was-aendert-sich\/#primaryimage","url":"https:\/\/tbo.ch\/wp-content\/uploads\/2023\/05\/Lautenschlager-Christoph-NEU-scaled.jpg","contentUrl":"https:\/\/tbo.ch\/wp-content\/uploads\/2023\/05\/Lautenschlager-Christoph-NEU-scaled.jpg","width":2560,"height":2560},{"@type":"BreadcrumbList","@id":"https:\/\/tbo.ch\/en\/monatstipp\/ahv-was-aendert-sich\/#breadcrumb","itemListElement":[{"@type":"ListItem","position":1,"name":"Startseite","item":"https:\/\/tbo.ch\/en\/"},{"@type":"ListItem","position":2,"name":"Monatstipp","item":"https:\/\/tbo.ch\/monatstipp\/"},{"@type":"ListItem","position":3,"name":"AHV \u2013 was \u00e4ndert sich?"}]},{"@type":"WebSite","@id":"https:\/\/tbo.ch\/#website","url":"https:\/\/tbo.ch\/","name":"TBO | Willkommen bei den Experten f\u00fcr Treuhand und Revision","description":"Ihr Experte f\u00fcr Treuhand und Revision","potentialAction":[{"@type":"SearchAction","target":{"@type":"EntryPoint","urlTemplate":"https:\/\/tbo.ch\/?s={search_term_string}"},"query-input":{"@type":"PropertyValueSpecification","valueRequired":true,"valueName":"search_term_string"}}],"inLanguage":"en-US"}]}},"_links":{"self":[{"href":"https:\/\/tbo.ch\/en\/wp-json\/wp\/v2\/avada_portfolio\/3864","targetHints":{"allow":["GET"]}}],"collection":[{"href":"https:\/\/tbo.ch\/en\/wp-json\/wp\/v2\/avada_portfolio"}],"about":[{"href":"https:\/\/tbo.ch\/en\/wp-json\/wp\/v2\/types\/avada_portfolio"}],"author":[{"embeddable":true,"href":"https:\/\/tbo.ch\/en\/wp-json\/wp\/v2\/users\/1"}],"replies":[{"embeddable":true,"href":"https:\/\/tbo.ch\/en\/wp-json\/wp\/v2\/comments?post=3864"}],"version-history":[{"count":4,"href":"https:\/\/tbo.ch\/en\/wp-json\/wp\/v2\/avada_portfolio\/3864\/revisions"}],"predecessor-version":[{"id":6592,"href":"https:\/\/tbo.ch\/en\/wp-json\/wp\/v2\/avada_portfolio\/3864\/revisions\/6592"}],"wp:featuredmedia":[{"embeddable":true,"href":"https:\/\/tbo.ch\/en\/wp-json\/wp\/v2\/media\/5336"}],"wp:attachment":[{"href":"https:\/\/tbo.ch\/en\/wp-json\/wp\/v2\/media?parent=3864"}],"wp:term":[{"taxonomy":"portfolio_category","embeddable":true,"href":"https:\/\/tbo.ch\/en\/wp-json\/wp\/v2\/portfolio_category?post=3864"},{"taxonomy":"portfolio_skills","embeddable":true,"href":"https:\/\/tbo.ch\/en\/wp-json\/wp\/v2\/portfolio_skills?post=3864"},{"taxonomy":"portfolio_tags","embeddable":true,"href":"https:\/\/tbo.ch\/en\/wp-json\/wp\/v2\/portfolio_tags?post=3864"}],"curies":[{"name":"wp","href":"https:\/\/api.w.org\/{rel}","templated":true}]}}